{"id":59,"date":"2015-02-01T18:50:29","date_gmt":"2015-02-01T18:50:29","guid":{"rendered":"http:\/\/www.deportivamente.com\/wordpress\/?page_id=59"},"modified":"2020-01-21T11:22:45","modified_gmt":"2020-01-21T11:22:45","slug":"fotos","status":"publish","type":"page","link":"https:\/\/www.deportivamente.com\/wordpress\/fotos\/","title":{"rendered":"Im\u00e1genes"},"content":{"rendered":"<div id=\"cs-content\" class=\"cs-content\" >\n<div class=\"e59-1 x-section\" >\n      \n<div class=\"e59-2 x-row x-container max width\" >\n  <div class=\"x-row-inner\">\n    \n<div class=\"e59-3 x-col\" >\n    \n<div class=\"e59-4 x-bar-content-area\" >\n  <div id=\"attachment_411\" style=\"width: 310px\" class=\"wp-caption alignleft\"><a href=\"https:\/\/www.deportivamente.com\/wordpress\/wp-content\/uploads\/2015\/02\/oliver-en-outdoor-trainning.jpg\"><img aria-describedby=\"caption-attachment-411\" class=\"size-medium wp-image-411\" src=\"https:\/\/www.deportivamente.com\/wordpress\/wp-content\/uploads\/2015\/02\/oliver-en-outdoor-trainning-300x218.jpg\" alt=\"Sesi\u00f3n de Outdoor Trainning sobre trabajo efectivo en equipo\" width=\"300\" height=\"218\" \/><\/a><p id=\"caption-attachment-411\" class=\"wp-caption-text\">Sesi\u00f3n de Outdoor Trainning sobre trabajo efectivo en equipo<\/p><\/div>\n<p><\/p>\n\n\n<div id=\"attachment_409\" style=\"width: 310px\" class=\"wp-caption alignleft\"><a href=\"https:\/\/www.deportivamente.com\/wordpress\/wp-content\/uploads\/2015\/02\/oliver-en-La-Ronda.jpg\"><img aria-describedby=\"caption-attachment-409\" class=\"size-medium wp-image-409\" src=\"https:\/\/www.deportivamente.com\/wordpress\/wp-content\/uploads\/2015\/02\/oliver-en-La-Ronda-300x218.jpg\" alt=\"En el programa la ronda\" width=\"300\" height=\"218\" \/><\/a><p id=\"caption-attachment-409\" class=\"wp-caption-text\">En el programa la ronda<\/p><\/div>\n<p><\/p>\n\n\n<div id=\"attachment_397\" style=\"width: 310px\" class=\"wp-caption alignleft\"><a href=\"https:\/\/www.deportivamente.com\/wordpress\/wp-content\/uploads\/2015\/02\/oliver-en-la-cope.jpg\"><img aria-describedby=\"caption-attachment-397\" class=\"size-medium wp-image-397\" src=\"https:\/\/www.deportivamente.com\/wordpress\/wp-content\/uploads\/2015\/02\/oliver-en-la-cope-300x218.jpg\" alt=\"Mi \u00e9poca en Cope con Quique Guasch\" width=\"300\" height=\"218\" \/><\/a><p id=\"caption-attachment-397\" class=\"wp-caption-text\">Mi \u00e9poca en Cope con Quique Guasch<\/p><\/div>\n<p><\/p>\n\n\n<div id=\"attachment_395\" style=\"width: 162px\" class=\"wp-caption alignleft\"><a href=\"https:\/\/www.deportivamente.com\/wordpress\/wp-content\/uploads\/2015\/02\/oliver-en-la-contraportada-del-as1.jpg\"><img aria-describedby=\"caption-attachment-395\" class=\"size-medium wp-image-395\" src=\"https:\/\/www.deportivamente.com\/wordpress\/wp-content\/uploads\/2015\/02\/oliver-en-la-contraportada-del-as1-152x300.jpg\" alt=\"ENTREVISTA EN LA CONTRAPORTADA DEL AS SOBRE MI TRABAJO\" width=\"152\" height=\"300\" \/><\/a><p id=\"caption-attachment-395\" class=\"wp-caption-text\">ENTREVISTA EN LA CONTRAPORTADA DEL AS SOBRE MI TRABAJO<\/p><\/div>\n<p><\/p>\n\n\n<div id=\"attachment_393\" style=\"width: 310px\" class=\"wp-caption alignleft\"><a href=\"https:\/\/www.deportivamente.com\/wordpress\/wp-content\/uploads\/2015\/02\/oliver-en-entreno-precision-con-jugadores-del-CFReus-Deportiu.jpg\"><img aria-describedby=\"caption-attachment-393\" class=\"size-medium wp-image-393\" src=\"https:\/\/www.deportivamente.com\/wordpress\/wp-content\/uploads\/2015\/02\/oliver-en-entreno-precision-con-jugadores-del-CFReus-Deportiu-300x188.jpg\" alt=\"ENTRENAMIENTO DE PRECISI\u00d3N EN EL CHUT A PUERTA A TRAV\u00c9S DE T\u00c9CNICAS DE FOCALIZACI\u00d3N\" width=\"300\" height=\"188\" \/><\/a><p id=\"caption-attachment-393\" class=\"wp-caption-text\">ENTRENAMIENTO DE PRECISI\u00d3N EN EL CHUT A PUERTA A TRAV\u00c9S DE T\u00c9CNICAS DE FOCALIZACI\u00d3N<\/p><\/div>\n<p><\/p>\n\n\n<div id=\"attachment_391\" style=\"width: 310px\" class=\"wp-caption alignleft\"><a href=\"https:\/\/www.deportivamente.com\/wordpress\/wp-content\/uploads\/2015\/02\/oliver-con-sesion-de-tiro-al-arco.jpg\"><img aria-describedby=\"caption-attachment-391\" class=\"size-medium wp-image-391\" src=\"https:\/\/www.deportivamente.com\/wordpress\/wp-content\/uploads\/2015\/02\/oliver-con-sesion-de-tiro-al-arco-300x218.jpg\" alt=\"SESI\u00d3N DE PSICOLOG\u00cdA APLICADA AL TIRO AL ARCO\" width=\"300\" height=\"218\" \/><\/a><p id=\"caption-attachment-391\" class=\"wp-caption-text\">SESI\u00d3N DE PSICOLOG\u00cdA APLICADA AL TIRO AL ARCO<\/p><\/div>\n<p><\/p>\n\n\n<div id=\"attachment_389\" style=\"width: 310px\" class=\"wp-caption alignleft\"><a href=\"https:\/\/www.deportivamente.com\/wordpress\/wp-content\/uploads\/2015\/02\/oliver-con-anton-parera-y-charlie-rexach.jpg\"><img aria-describedby=\"caption-attachment-389\" class=\"size-medium wp-image-389\" src=\"https:\/\/www.deportivamente.com\/wordpress\/wp-content\/uploads\/2015\/02\/oliver-con-anton-parera-y-charlie-rexach-300x218.jpg\" alt=\"CONFERENCIA EN EL COPC SOBRE PSICOLOG\u00cdA DEL DEPORTE\" width=\"300\" height=\"218\" \/><\/a><p id=\"caption-attachment-389\" class=\"wp-caption-text\">CONFERENCIA EN EL COPC SOBRE PSICOLOG\u00cdA DEL DEPORTE<\/p><\/div>\n<p><\/p>\n\n\n<div id=\"attachment_346\" style=\"width: 310px\" class=\"wp-caption alignleft\"><a href=\"https:\/\/www.deportivamente.com\/wordpress\/wp-content\/uploads\/2015\/03\/IMG-20150302-WA0006.jpg\"><img aria-describedby=\"caption-attachment-346\" class=\"size-medium wp-image-346\" src=\"https:\/\/www.deportivamente.com\/wordpress\/wp-content\/uploads\/2015\/03\/IMG-20150302-WA0006-300x169.jpg\" alt=\"Invitado el d\u00eda de la coronaci\u00f3n del Rey Felipe VI\" width=\"300\" height=\"169\" \/><\/a><p id=\"caption-attachment-346\" class=\"wp-caption-text\">Invitado el d\u00eda de la coronaci\u00f3n del Rey Felipe VI<\/p><\/div>\n<p><\/p>\n\n\n<div id=\"attachment_350\" style=\"width: 310px\" class=\"wp-caption alignleft\"><a href=\"https:\/\/www.deportivamente.com\/wordpress\/wp-content\/uploads\/2015\/02\/IMG-20150305-WA0002.jpg\"><img aria-describedby=\"caption-attachment-350\" class=\"size-medium wp-image-350\" src=\"https:\/\/www.deportivamente.com\/wordpress\/wp-content\/uploads\/2015\/02\/IMG-20150305-WA0002-300x169.jpg\" alt=\"Libro realizado para el Comit\u00e9 T\u00e9cnico de \u00c1rbitros de la Federaci\u00f3n Catalana de F\u00fatbol\" width=\"300\" height=\"169\" \/><\/a><p id=\"caption-attachment-350\" class=\"wp-caption-text\">Libro realizado para el Comit\u00e9 T\u00e9cnico de \u00c1rbitros de la Federaci\u00f3n Catalana de F\u00fatbol<\/p><\/div>\n<p><\/p>\n\n\n<div id=\"attachment_347\" style=\"width: 310px\" class=\"wp-caption alignleft\"><a href=\"https:\/\/www.deportivamente.com\/wordpress\/wp-content\/uploads\/2015\/03\/IMG-20150305-WA0000.jpg\"><img aria-describedby=\"caption-attachment-347\" class=\"size-medium wp-image-347\" src=\"https:\/\/www.deportivamente.com\/wordpress\/wp-content\/uploads\/2015\/03\/IMG-20150305-WA0000-300x169.jpg\" alt=\"Libro realizado para la Federaci\u00f3n Catalana de B\u00e0squet sobre integraci\u00f3n social a trav\u00e9s del arbitraje\" width=\"300\" height=\"169\" \/><\/a><p id=\"caption-attachment-347\" class=\"wp-caption-text\">Libro realizado para la Federaci\u00f3n Catalana de B\u00e0squet sobre integraci\u00f3n social a trav\u00e9s del arbitraje<\/p><\/div>\n<p><\/p>\n\n\n<div id=\"attachment_348\" style=\"width: 310px\" class=\"wp-caption alignleft\"><a href=\"https:\/\/www.deportivamente.com\/wordpress\/wp-content\/uploads\/2015\/03\/IMG-20150305-WA0001.jpg\"><img aria-describedby=\"caption-attachment-348\" class=\"size-medium wp-image-348\" src=\"https:\/\/www.deportivamente.com\/wordpress\/wp-content\/uploads\/2015\/03\/IMG-20150305-WA0001-300x169.jpg\" alt=\"Libro sobre consejos para entrenadores y padres de ni\u00f1os deportistas. Encargo de l'Ajuntament de Barcelona\" width=\"300\" height=\"169\" \/><\/a><p id=\"caption-attachment-348\" class=\"wp-caption-text\">Libro sobre consejos para entrenadores y padres de ni\u00f1os deportistas. Encargo de l'Ajuntament de Barcelona<\/p><\/div>\n<p><\/p>\n\n\n<div id=\"attachment_345\" style=\"width: 190px\" class=\"wp-caption alignleft\"><a href=\"https:\/\/www.deportivamente.com\/wordpress\/wp-content\/uploads\/2015\/03\/IMG-20150302-WA0004.jpg\"><img aria-describedby=\"caption-attachment-345\" class=\"size-medium wp-image-345\" src=\"https:\/\/www.deportivamente.com\/wordpress\/wp-content\/uploads\/2015\/03\/IMG-20150302-WA0004-180x300.jpg\" alt=\"Con Purito Rodr\u00edguez en TV3\" width=\"180\" height=\"300\" \/><\/a><p id=\"caption-attachment-345\" class=\"wp-caption-text\">Con Purito Rodr\u00edguez en TV3<\/p><\/div>\n<p><\/p>\n\n\n<div id=\"attachment_344\" style=\"width: 310px\" class=\"wp-caption alignleft\"><a href=\"https:\/\/www.deportivamente.com\/wordpress\/wp-content\/uploads\/2015\/03\/IMG-20150302-WA0003.jpg\"><img aria-describedby=\"caption-attachment-344\" class=\"size-medium wp-image-344\" src=\"https:\/\/www.deportivamente.com\/wordpress\/wp-content\/uploads\/2015\/03\/IMG-20150302-WA0003-300x169.jpg\" alt=\"En el programa Gol a Gol analizando la jornada de la liga BBVA\" width=\"300\" height=\"169\" \/><\/a><p id=\"caption-attachment-344\" class=\"wp-caption-text\">En el programa Gol a Gol analizando la jornada de la liga BBVA<\/p><\/div>\n<p><\/p>\n\n\n<div id=\"attachment_343\" style=\"width: 310px\" class=\"wp-caption alignleft\"><a href=\"https:\/\/www.deportivamente.com\/wordpress\/wp-content\/uploads\/2015\/03\/IMG-20150302-WA0002.jpg\"><img aria-describedby=\"caption-attachment-343\" class=\"size-medium wp-image-343\" src=\"https:\/\/www.deportivamente.com\/wordpress\/wp-content\/uploads\/2015\/03\/IMG-20150302-WA0002-300x169.jpg\" alt=\"En la tertulia de Real Madrid TV\" width=\"300\" height=\"169\" \/><\/a><p id=\"caption-attachment-343\" class=\"wp-caption-text\">En la tertulia de Real Madrid TV<\/p><\/div>\n<p><\/p>\n\n\n<div id=\"attachment_342\" style=\"width: 179px\" class=\"wp-caption alignleft\"><a href=\"https:\/\/www.deportivamente.com\/wordpress\/wp-content\/uploads\/2015\/03\/IMG-20150302-WA0001.jpg\"><img aria-describedby=\"caption-attachment-342\" class=\"size-medium wp-image-342\" src=\"https:\/\/www.deportivamente.com\/wordpress\/wp-content\/uploads\/2015\/03\/IMG-20150302-WA0001-169x300.jpg\" alt=\"Celebrando la renovaci\u00f3n por 4 a\u00f1os con el Real Madrid de Jaime S\u00e1nchez, jugador con el que llevo 4 a\u00f1os trabajando\" width=\"169\" height=\"300\" \/><\/a><p id=\"caption-attachment-342\" class=\"wp-caption-text\">Celebrando la renovaci\u00f3n por 4 a\u00f1os con el Real Madrid de Jaime S\u00e1nchez, jugador con el que llevo 4 a\u00f1os trabajando<\/p><\/div>\n<p><\/p>\n\n\n<div id=\"attachment_289\" style=\"width: 310px\" class=\"wp-caption alignleft\"><a href=\"https:\/\/www.deportivamente.com\/wordpress\/wp-content\/uploads\/2015\/03\/quien-es-oliver-martinez-2.jpg\"><img aria-describedby=\"caption-attachment-289\" class=\"size-medium wp-image-289\" src=\"https:\/\/www.deportivamente.com\/wordpress\/wp-content\/uploads\/2015\/03\/quien-es-oliver-martinez-2-300x200.jpg\" alt=\"presentaci\u00f3n de cheerleaders en el partido de famosos de TV3\" width=\"300\" height=\"200\" \/><\/a><p id=\"caption-attachment-289\" class=\"wp-caption-text\">presentaci\u00f3n de cheerleaders en el partido de famosos de TV3<\/p><\/div>\n<p><\/p>\n\n\n<div id=\"attachment_45\" style=\"width: 310px\" class=\"wp-caption alignleft\"><a href=\"https:\/\/www.deportivamente.com\/wordpress\/wp-content\/uploads\/2015\/02\/oliver-con-Natxo-Gonz\u00e1lez.jpg\"><img aria-describedby=\"caption-attachment-45\" class=\"size-medium wp-image-45\" src=\"https:\/\/www.deportivamente.com\/wordpress\/wp-content\/uploads\/2015\/02\/oliver-con-Natxo-Gonz\u00e1lez-300x218.jpg\" alt=\"Con Natxo Gonz\u00e1lez en mi \u00e9poca del UE Sant Andreu\" width=\"300\" height=\"218\" \/><\/a><p id=\"caption-attachment-45\" class=\"wp-caption-text\">Con Natxo Gonz\u00e1lez en mi \u00e9poca del UE Sant Andreu<\/p><\/div>\n<p><\/p>\n\n\n<div id=\"attachment_254\" style=\"width: 310px\" class=\"wp-caption alignleft\"><a href=\"https:\/\/www.deportivamente.com\/wordpress\/wp-content\/uploads\/2015\/03\/foto-plantilla-reus.jpg\"><img aria-describedby=\"caption-attachment-254\" class=\"size-medium wp-image-254\" src=\"https:\/\/www.deportivamente.com\/wordpress\/wp-content\/uploads\/2015\/03\/foto-plantilla-reus-300x199.jpg\" alt=\"Presentaci\u00f3n de la plantilla del CF Reus Deportiu 2014-15\" width=\"300\" height=\"199\" \/><\/a><p id=\"caption-attachment-254\" class=\"wp-caption-text\">Presentaci\u00f3n de la plantilla del CF Reus Deportiu 2014-15<\/p><\/div>\n<p><\/p>\n\n\n<div id=\"attachment_253\" style=\"width: 310px\" class=\"wp-caption alignleft\"><a href=\"https:\/\/www.deportivamente.com\/wordpress\/wp-content\/uploads\/2015\/03\/foto-1-sport.jpg\"><img aria-describedby=\"caption-attachment-253\" class=\"size-medium wp-image-253\" src=\"https:\/\/www.deportivamente.com\/wordpress\/wp-content\/uploads\/2015\/03\/foto-1-sport-300x225.jpg\" alt=\"entrenando con el jugador ecuatoriano del Chelsea Josimar Quintero\" width=\"300\" height=\"225\" \/><\/a><p id=\"caption-attachment-253\" class=\"wp-caption-text\">entrenando con el jugador ecuatoriano del Chelsea Josimar Quintero<\/p><\/div>\n<p><\/p>\n\n\n<div id=\"attachment_210\" style=\"width: 310px\" class=\"wp-caption alignleft\"><a href=\"https:\/\/www.deportivamente.com\/wordpress\/wp-content\/uploads\/2015\/02\/oliver-en-estudio-estadio2.jpg\"><img aria-describedby=\"caption-attachment-210\" class=\"size-medium wp-image-210\" src=\"https:\/\/www.deportivamente.com\/wordpress\/wp-content\/uploads\/2015\/02\/oliver-en-estudio-estadio2-300x225.jpg\" alt=\"Con mis compis de Estudio Estadio\" width=\"300\" height=\"225\" \/><\/a><p id=\"caption-attachment-210\" class=\"wp-caption-text\">Con mis compis de Estudio Estadio<\/p><\/div>\n<p><\/p>\n\n\n<div id=\"attachment_206\" style=\"width: 310px\" class=\"wp-caption alignleft\"><a href=\"https:\/\/www.deportivamente.com\/wordpress\/wp-content\/uploads\/2015\/02\/oliver-en-els-matins-de-tv3-hablando-de-running.jpg\"><img aria-describedby=\"caption-attachment-206\" class=\"size-medium wp-image-206\" src=\"https:\/\/www.deportivamente.com\/wordpress\/wp-content\/uploads\/2015\/02\/oliver-en-els-matins-de-tv3-hablando-de-running-300x169.jpg\" alt=\"En &quot;Els matins de TV3&quot; analizando el fen\u00f3meno del running\" width=\"300\" height=\"169\" \/><\/a><p id=\"caption-attachment-206\" class=\"wp-caption-text\">En \"Els matins de TV3\" analizando el fen\u00f3meno del running<\/p><\/div>\n<p><\/p>\n\n\n<div id=\"attachment_173\" style=\"width: 190px\" class=\"wp-caption alignleft\"><a href=\"https:\/\/www.deportivamente.com\/wordpress\/wp-content\/uploads\/2015\/02\/foto-web-27.jpg\"><img aria-describedby=\"caption-attachment-173\" class=\"size-medium wp-image-173\" src=\"https:\/\/www.deportivamente.com\/wordpress\/wp-content\/uploads\/2015\/02\/foto-web-27-180x300.jpg\" alt=\"Con 3 cracks del b\u00e1sket en Teledeporte:Trias,Morales y el gran Audi Norris\" width=\"180\" height=\"300\" \/><\/a><p id=\"caption-attachment-173\" class=\"wp-caption-text\">Con 3 cracks del b\u00e1sket en Teledeporte:Trias,Morales y el gran Audi Norris<\/p><\/div>\n<p><\/p>\n\n\n<div id=\"attachment_179\" style=\"width: 310px\" class=\"wp-caption alignleft\"><a href=\"https:\/\/www.deportivamente.com\/wordpress\/wp-content\/uploads\/2015\/02\/foto-web-33.jpg\"><img aria-describedby=\"caption-attachment-179\" class=\"size-medium wp-image-179\" src=\"https:\/\/www.deportivamente.com\/wordpress\/wp-content\/uploads\/2015\/02\/foto-web-33-300x224.jpg\" alt=\"Con Gerard L\u00f3pez analizando el Real Madrid en Champions en TV3\" width=\"300\" height=\"224\" \/><\/a><p id=\"caption-attachment-179\" class=\"wp-caption-text\">Con Gerard L\u00f3pez analizando el Real Madrid en Champions en TV3<\/p><\/div>\n<p><\/p>\n\n\n<div id=\"attachment_180\" style=\"width: 310px\" class=\"wp-caption alignleft\"><a href=\"https:\/\/www.deportivamente.com\/wordpress\/wp-content\/uploads\/2015\/02\/foto-web-34.jpg\"><img aria-describedby=\"caption-attachment-180\" class=\"size-medium wp-image-180\" src=\"https:\/\/www.deportivamente.com\/wordpress\/wp-content\/uploads\/2015\/02\/foto-web-34-300x225.jpg\" alt=\"Conferencia sobre &quot;Autosuperaci\u00f3n en el deporte&quot; en el COPC\" width=\"300\" height=\"225\" \/><\/a><p id=\"caption-attachment-180\" class=\"wp-caption-text\">Conferencia sobre \"Autosuperaci\u00f3n en el deporte\" en el COPC<\/p><\/div>\n<p><\/p>\n\n\n<div id=\"attachment_182\" style=\"width: 310px\" class=\"wp-caption alignleft\"><a href=\"https:\/\/www.deportivamente.com\/wordpress\/wp-content\/uploads\/2015\/02\/foto-web-36.jpg\"><img aria-describedby=\"caption-attachment-182\" class=\"size-medium wp-image-182\" src=\"https:\/\/www.deportivamente.com\/wordpress\/wp-content\/uploads\/2015\/02\/foto-web-36-300x225.jpg\" alt=\"Conferencia sobre &quot;Autosuperaci\u00f3n en el deporte&quot; con Juanjo Brau (fisio del Bar\u00e7a);Samuel S\u00e1nchez (Campe\u00f3n Ol\u00edmpico de ciclismo) y Pedro Garc\u00eda Aguado (Ex waterpolista y coach &quot;Hermano Mayor&quot;)\" width=\"300\" height=\"225\" \/><\/a><p id=\"caption-attachment-182\" class=\"wp-caption-text\">Conferencia sobre \"Autosuperaci\u00f3n en el deporte\" con Juanjo Brau (fisio del Bar\u00e7a);Samuel S\u00e1nchez (Campe\u00f3n Ol\u00edmpico de ciclismo) y Pedro Garc\u00eda Aguado (Ex waterpolista y coach \"Hermano Mayor\")<\/p><\/div>\n<p><\/p>\n\n\n<div id=\"attachment_172\" style=\"width: 310px\" class=\"wp-caption alignleft\"><a href=\"https:\/\/www.deportivamente.com\/wordpress\/wp-content\/uploads\/2015\/02\/foto-web-26.jpg\"><img aria-describedby=\"caption-attachment-172\" class=\"size-medium wp-image-172\" src=\"https:\/\/www.deportivamente.com\/wordpress\/wp-content\/uploads\/2015\/02\/foto-web-26-300x212.jpg\" alt=\"EN EL PROGRAMA &quot;PULSO A LA LIGA&quot; DEL DIARIO  SPORT \" width=\"300\" height=\"212\" \/><\/a><p id=\"caption-attachment-172\" class=\"wp-caption-text\">EN EL PROGRAMA \"PULSO A LA LIGA\" DEL DIARIO SPORT<\/p><\/div>\n<p><\/p>\n\n\n<div id=\"attachment_167\" style=\"width: 235px\" class=\"wp-caption alignleft\"><a href=\"https:\/\/www.deportivamente.com\/wordpress\/wp-content\/uploads\/2015\/02\/foto-web-21.jpg\"><img aria-describedby=\"caption-attachment-167\" class=\"size-medium wp-image-167\" src=\"https:\/\/www.deportivamente.com\/wordpress\/wp-content\/uploads\/2015\/02\/foto-web-21-225x300.jpg\" alt=\"Con Florentino P\u00e9rez esperando al pasamanos el d\u00eda de la coronaci\u00f3n del Rey Felipe VI\" width=\"225\" height=\"300\" \/><\/a><p id=\"caption-attachment-167\" class=\"wp-caption-text\">Con Florentino P\u00e9rez esperando al pasamanos el d\u00eda de la coronaci\u00f3n del Rey Felipe VI<\/p><\/div>\n<p><\/p>\n\n\n<div id=\"attachment_169\" style=\"width: 310px\" class=\"wp-caption alignleft\"><a href=\"https:\/\/www.deportivamente.com\/wordpress\/wp-content\/uploads\/2015\/02\/foto-web-23.jpg\"><img aria-describedby=\"caption-attachment-169\" class=\"size-medium wp-image-169\" src=\"https:\/\/www.deportivamente.com\/wordpress\/wp-content\/uploads\/2015\/02\/foto-web-23-300x225.jpg\" alt=\"Conferencia con Anna Tarr\u00e9s, Danae Boronat ,Pilar Guinovart...sobre el papel de la mujer en el deporte\" width=\"300\" height=\"225\" \/><\/a><p id=\"caption-attachment-169\" class=\"wp-caption-text\">Conferencia con Anna Tarr\u00e9s, Danae Boronat ,Pilar Guinovart...sobre el papel de la mujer en el deporte<\/p><\/div>\n<p><\/p>\n\n\n<div id=\"attachment_171\" style=\"width: 310px\" class=\"wp-caption alignleft\"><a href=\"https:\/\/www.deportivamente.com\/wordpress\/wp-content\/uploads\/2015\/02\/foto-web-25.jpg\"><img aria-describedby=\"caption-attachment-171\" class=\"size-medium wp-image-171\" src=\"https:\/\/www.deportivamente.com\/wordpress\/wp-content\/uploads\/2015\/02\/foto-web-25-300x169.jpg\" alt=\"Con el bailarines de DANDI en el campeonato de Espa\u00f1a de San Cugat de bailes de sal\u00f3n\" width=\"300\" height=\"169\" \/><\/a><p id=\"caption-attachment-171\" class=\"wp-caption-text\">Con el bailarines de DANDI en el campeonato de Espa\u00f1a de San Cugat de bailes de sal\u00f3n<\/p><\/div>\n<p><\/p>\n\n\n<div id=\"attachment_40\" style=\"width: 310px\" class=\"wp-caption alignleft\"><a href=\"https:\/\/www.deportivamente.com\/wordpress\/wp-content\/uploads\/2015\/02\/servicios-a-deportistas.jpg\"><img aria-describedby=\"caption-attachment-40\" class=\"size-medium wp-image-40\" src=\"https:\/\/www.deportivamente.com\/wordpress\/wp-content\/uploads\/2015\/02\/servicios-a-deportistas-300x169.jpg\" alt=\"Con el pirag\u00fcista Marc Moragues en una sesi\u00f3n de entrenamiento\" width=\"300\" height=\"169\" \/><\/a><p id=\"caption-attachment-40\" class=\"wp-caption-text\">Con el pirag\u00fcista Marc Moragues en una sesi\u00f3n de entrenamiento<\/p><\/div>\n<p><\/p>\n\n\n<div id=\"attachment_161\" style=\"width: 310px\" class=\"wp-caption alignleft\"><a href=\"https:\/\/www.deportivamente.com\/wordpress\/wp-content\/uploads\/2015\/02\/foto-web-15.jpg\"><img aria-describedby=\"caption-attachment-161\" class=\"size-medium wp-image-161\" src=\"https:\/\/www.deportivamente.com\/wordpress\/wp-content\/uploads\/2015\/02\/foto-web-15-300x224.jpg\" alt=\"Con los jugadores del CF Reus Deportiu el d\u00eda que logramos el liderato!!\" width=\"300\" height=\"224\" \/><\/a><p id=\"caption-attachment-161\" class=\"wp-caption-text\">Con los jugadores del CF Reus Deportiu el d\u00eda que logramos el liderato!!<\/p><\/div>\n<p><\/p>\n\n\n<div id=\"attachment_218\" style=\"width: 310px\" class=\"wp-caption alignleft\"><a href=\"https:\/\/www.deportivamente.com\/wordpress\/wp-content\/uploads\/2015\/02\/oliver-en-teledeporte.jpg\"><img aria-describedby=\"caption-attachment-218\" class=\"size-medium wp-image-218\" src=\"https:\/\/www.deportivamente.com\/wordpress\/wp-content\/uploads\/2015\/02\/oliver-en-teledeporte-300x180.jpg\" alt=\"En Teledeporte...\" width=\"300\" height=\"180\" \/><\/a><p id=\"caption-attachment-218\" class=\"wp-caption-text\">En Teledeporte...<\/p><\/div>\n<p><\/p>\n\n\n<div id=\"attachment_215\" style=\"width: 310px\" class=\"wp-caption alignleft\"><a href=\"https:\/\/www.deportivamente.com\/wordpress\/wp-content\/uploads\/2015\/02\/oliver-en-programa-de-zona-champions.jpg\"><img aria-describedby=\"caption-attachment-215\" class=\"size-medium wp-image-215\" src=\"https:\/\/www.deportivamente.com\/wordpress\/wp-content\/uploads\/2015\/02\/oliver-en-programa-de-zona-champions-300x169.jpg\" alt=\"En el programa Zona Champions de TV3 analizando la jornada de Champions League\" width=\"300\" height=\"169\" \/><\/a><p id=\"caption-attachment-215\" class=\"wp-caption-text\">En el programa Zona Champions de TV3 analizando la jornada de Champions League<\/p><\/div>\n<p><\/p>\n\n\n<div id=\"attachment_222\" style=\"width: 310px\" class=\"wp-caption alignleft\"><a href=\"https:\/\/www.deportivamente.com\/wordpress\/wp-content\/uploads\/2015\/02\/oliver-formando-a-ni\u00f1os-en-campus-jordi-xumetra.jpg\"><img aria-describedby=\"caption-attachment-222\" class=\"size-medium wp-image-222\" src=\"https:\/\/www.deportivamente.com\/wordpress\/wp-content\/uploads\/2015\/02\/oliver-formando-a-ni\u00f1os-en-campus-jordi-xumetra-300x225.jpg\" alt=\"Charla con los ni\u00f1os del Campus de Jordi Xumetra\" width=\"300\" height=\"225\" \/><\/a><p id=\"caption-attachment-222\" class=\"wp-caption-text\">Charla con los ni\u00f1os del Campus de Jordi Xumetra<\/p><\/div>\n<p><\/p>\n\n\n<div id=\"attachment_159\" style=\"width: 310px\" class=\"wp-caption alignleft\"><a href=\"https:\/\/www.deportivamente.com\/wordpress\/wp-content\/uploads\/2015\/02\/foto-web-13.jpg\"><img aria-describedby=\"caption-attachment-159\" class=\"size-medium wp-image-159\" src=\"https:\/\/www.deportivamente.com\/wordpress\/wp-content\/uploads\/2015\/02\/foto-web-13-300x200.jpg\" alt=\"     din\u00e1mica de cohesi\u00f3n de jugadores y cuerpo t\u00e9cnico del CF Reus Deportiu \" width=\"300\" height=\"200\" \/><\/a><p id=\"caption-attachment-159\" class=\"wp-caption-text\">din\u00e1mica de cohesi\u00f3n de jugadores y cuerpo t\u00e9cnico del CF Reus Deportiu<\/p><\/div>\n<p><\/p>\n\n\n<div id=\"attachment_153\" style=\"width: 310px\" class=\"wp-caption alignleft\"><a href=\"https:\/\/www.deportivamente.com\/wordpress\/wp-content\/uploads\/2015\/02\/foto-web-7.jpg\"><img aria-describedby=\"caption-attachment-153\" class=\"size-medium wp-image-153\" src=\"https:\/\/www.deportivamente.com\/wordpress\/wp-content\/uploads\/2015\/02\/foto-web-7-300x169.jpg\" alt=\"     Observando un entrenamiento diario de los jugadores del CF Reus Deportiu \" width=\"300\" height=\"169\" \/><\/a><p id=\"caption-attachment-153\" class=\"wp-caption-text\">Observando un entrenamiento diario de los jugadores del CF Reus Deportiu<\/p><\/div>\n<p><\/p>\n\n\n<div id=\"attachment_154\" style=\"width: 310px\" class=\"wp-caption alignleft\"><a href=\"https:\/\/www.deportivamente.com\/wordpress\/wp-content\/uploads\/2015\/02\/foto-web-8.jpg\"><img aria-describedby=\"caption-attachment-154\" class=\"size-medium wp-image-154\" src=\"https:\/\/www.deportivamente.com\/wordpress\/wp-content\/uploads\/2015\/02\/foto-web-8-300x225.jpg\" alt=\"Formando a los bailarines deportivos de la escuela Dandi\" width=\"300\" height=\"225\" \/><\/a><p id=\"caption-attachment-154\" class=\"wp-caption-text\">Formando a los bailarines deportivos de la escuela Dandi<\/p><\/div>\n<p><\/p>\n\n\n<div id=\"attachment_155\" style=\"width: 310px\" class=\"wp-caption alignleft\"><a href=\"https:\/\/www.deportivamente.com\/wordpress\/wp-content\/uploads\/2015\/02\/foto-web-9.jpg\"><img aria-describedby=\"caption-attachment-155\" class=\"size-medium wp-image-155\" src=\"https:\/\/www.deportivamente.com\/wordpress\/wp-content\/uploads\/2015\/02\/foto-web-9-300x169.jpg\" alt=\"Invitado por Florentino P\u00e9rez a la comida con los medios de comunicaci\u00f3n.El fruto de varios a\u00f1os trabajando en los medios ;-)\" width=\"300\" height=\"169\" \/><\/a><p id=\"caption-attachment-155\" class=\"wp-caption-text\">Invitado por Florentino P\u00e9rez a la comida con los medios de comunicaci\u00f3n.El fruto de varios a\u00f1os trabajando en los medios \ud83d\ude09<\/p><\/div>\n<p><\/p>\n\n\n<div id=\"attachment_203\" style=\"width: 310px\" class=\"wp-caption alignleft\"><a href=\"https:\/\/www.deportivamente.com\/wordpress\/wp-content\/uploads\/2015\/02\/oliver-con-la-Junta-de-la-seccio-desport-del-copc.jpg\"><img aria-describedby=\"caption-attachment-203\" class=\"size-medium wp-image-203\" src=\"https:\/\/www.deportivamente.com\/wordpress\/wp-content\/uploads\/2015\/02\/oliver-con-la-Junta-de-la-seccio-desport-del-copc-300x225.jpg\" alt=\"Junta de la Secci\u00f3n de psicolog\u00eda del deporte del COPC para los pr\u00f3ximos 4 a\u00f1os, de la cual soy el Presidente\" width=\"300\" height=\"225\" \/><\/a><p id=\"caption-attachment-203\" class=\"wp-caption-text\">Junta de la Secci\u00f3n de psicolog\u00eda del deporte del COPC para los pr\u00f3ximos 4 a\u00f1os, de la cual soy el Presidente<\/p><\/div>\n<p><\/p>\n\n\n<div id=\"attachment_212\" style=\"width: 310px\" class=\"wp-caption alignleft\"><a href=\"https:\/\/www.deportivamente.com\/wordpress\/wp-content\/uploads\/2015\/02\/oliver-en-la-goleada.jpg\"><img aria-describedby=\"caption-attachment-212\" class=\"size-medium wp-image-212\" src=\"https:\/\/www.deportivamente.com\/wordpress\/wp-content\/uploads\/2015\/02\/oliver-en-la-goleada-300x169.jpg\" alt=\"Invitado al programa La Goleada como psic\u00f3logo deportivo\" width=\"300\" height=\"169\" \/><\/a><p id=\"caption-attachment-212\" class=\"wp-caption-text\">Invitado al programa La Goleada como psic\u00f3logo deportivo<\/p><\/div>\n<p><\/p>\n\n\n<div id=\"attachment_148\" style=\"width: 310px\" class=\"wp-caption alignleft\"><a href=\"https:\/\/www.deportivamente.com\/wordpress\/wp-content\/uploads\/2015\/02\/foto-web-2.jpg\"><img aria-describedby=\"caption-attachment-148\" class=\"size-medium wp-image-148\" src=\"https:\/\/www.deportivamente.com\/wordpress\/wp-content\/uploads\/2015\/02\/foto-web-2-300x110.jpg\" alt=\"Partido de famosos de TV3 para recaudar fondos para la Marat\u00f3 de TV3 contra las enfermedades neurodegenerativas\" width=\"300\" height=\"110\" \/><\/a><p id=\"caption-attachment-148\" class=\"wp-caption-text\">Partido de famosos de TV3 para recaudar fondos para la Marat\u00f3 de TV3 contra las enfermedades neurodegenerativas<\/p><\/div>\n<p><\/p>\n<p><span>\u00a0<\/span><\/p><\/div>\n<\/div>\n  <\/div>\n  <\/div>\n  <\/div>\n<\/div>\n","protected":false},"excerpt":{"rendered":"","protected":false},"author":1,"featured_media":0,"parent":0,"menu_order":0,"comment_status":"closed","ping_status":"closed","template":"template-layout-full-width.php","meta":[],"aioseo_notices":[],"_links":{"self":[{"href":"https:\/\/www.deportivamente.com\/wordpress\/wp-json\/wp\/v2\/pages\/59"}],"collection":[{"href":"https:\/\/www.deportivamente.com\/wordpress\/wp-json\/wp\/v2\/pages"}],"about":[{"href":"https:\/\/www.deportivamente.com\/wordpress\/wp-json\/wp\/v2\/types\/page"}],"author":[{"embeddable":true,"href":"https:\/\/www.deportivamente.com\/wordpress\/wp-json\/wp\/v2\/users\/1"}],"replies":[{"embeddable":true,"href":"https:\/\/www.deportivamente.com\/wordpress\/wp-json\/wp\/v2\/comments?post=59"}],"version-history":[{"count":33,"href":"https:\/\/www.deportivamente.com\/wordpress\/wp-json\/wp\/v2\/pages\/59\/revisions"}],"predecessor-version":[{"id":1074,"href":"https:\/\/www.deportivamente.com\/wordpress\/wp-json\/wp\/v2\/pages\/59\/revisions\/1074"}],"wp:attachment":[{"href":"https:\/\/www.deportivamente.com\/wordpress\/wp-json\/wp\/v2\/media?parent=59"}],"curies":[{"name":"wp","href":"https:\/\/api.w.org\/{rel}","templated":true}]}}