{"id":63,"date":"2015-02-01T18:53:00","date_gmt":"2015-02-01T18:53:00","guid":{"rendered":"http:\/\/www.deportivamente.com\/wordpress\/?page_id=63"},"modified":"2015-04-06T18:36:14","modified_gmt":"2015-04-06T18:36:14","slug":"articulos","status":"publish","type":"page","link":"https:\/\/www.deportivamente.com\/wordpress\/articulos\/","title":{"rendered":"Art\u00edculos"},"content":{"rendered":"<p>Colaboraciones en medios:<\/p>\n<ul>\n<li><a href=\"http:\/\/www.marca.com\/2011\/10\/20\/futbol\/equipos\/almeria\/1319100994.html\"><span style=\"font-family: Calibri,serif;\"><span style=\"font-size: small;\"><span lang=\"es-ES\">El futbolista Carlos garc\u00eda trabaja a distancia con Oliver Mart\u00ednez<\/span><\/span><\/span><\/a> <iframe loading=\"lazy\" src=\"http:\/\/www.marca.com\/2011\/10\/20\/futbol\/equipos\/almeria\/1319100994.html\" width=\"200\" height=\"200\"><\/iframe><\/li>\n<li><a href=\"http:\/\/www.abc.es\/20120810\/sociedad\/abci-musica-correr-201208091614.html\"><span style=\"font-family: Calibri,serif;\"><span style=\"font-size: small;\"><span lang=\"es-ES\">Entrevista para ABC sobre la m\u00fasica y el running<\/span><\/span><\/span><\/a> <iframe loading=\"lazy\" src=\"http:\/\/www.abc.es\/20120810\/sociedad\/abci-musica-correr-201208091614.html\" width=\"200\" height=\"200\"><\/iframe><\/li>\n<li><a href=\"http:\/\/www.diaridetarragona.com\/deportes\/31033\/oliver-martinez-una-cosa-es-jugar-y-otra-competir\"><span style=\"font-family: Calibri,serif;\"><span style=\"font-size: small;\"><span lang=\"es-ES\">Entrevista al psic\u00f3logo del CF Reus Deportiu Oliver Mart\u00ednez<\/span><\/span><\/span>&gt;<\/a><\/li>\n<li><a href=\"http:\/\/www.runners.es\/nutricion-salud\/psicologia\/articulo\/correr-mejora-autoconfianza-superacion-personal-estudio\"><span style=\"font-family: Calibri,serif;\"><span style=\"font-size: small;\"><span lang=\"es-ES\">Beneficios del running<\/span><\/span><\/span><\/a> <iframe loading=\"lazy\" src=\"http:\/\/www.runners.es\/nutricion-salud\/psicologia\/articulo\/correr-mejora-autoconfianza-superacion-personal-estudio\" width=\"200\" height=\"200\"><\/iframe><\/li>\n<li><a href=\"http:\/\/www.lavanguardia.com\/deportes\/20111030\/54236608812\/oliver-martinez-si-los-pilotos-piensan-en-simoncelli-pueden-bloquearse.html\"><span style=\"font-family: Calibri,serif;\"><span style=\"font-size: small;\"><span lang=\"es-ES\">Entrevista Oliver Mart\u00ednez sobre la muerte del piloto Simoncelli<\/span><\/span><\/span><\/a> <iframe loading=\"lazy\" src=\"http:\/\/www.lavanguardia.com\/deportes\/20111030\/54236608812\/oliver-martinez-si-los-pilotos-piensan-en-simoncelli-pueden-bloquearse.html\" width=\"200\" height=\"200\"><\/iframe><\/li>\n<li><a href=\"http:\/\/www.lavanguardia.com\/deportes\/20141024\/54417461781\/entrevista-psicologo-deportivo-oliver-martinez.html\"><span style=\"font-family: Calibri,serif;\"><span style=\"font-size: small;\"><span lang=\"es-ES\">Entrevista al psic\u00f3logo Oliver Mart\u00ednez en la vanguardia.com<\/span><\/span><\/span><\/a> <iframe loading=\"lazy\" src=\"http:\/\/www.lavanguardia.com\/deportes\/20141024\/54417461781\/entrevista-psicologo-deportivo-oliver-martinez.html\" width=\"200\" height=\"200\"><\/iframe><\/li>\n<li><a href=\"http:\/\/archivo.sport.es\/ed\/20121018\/pag_039.html\"><span style=\"font-family: Calibri,serif;\"><span style=\"font-size: small;\"><span lang=\"es-ES\">Entrevista al psic\u00f3logo deportivo Oliver Mart\u00ednez en el diario Sport<\/span><\/span><\/span><\/a> <iframe loading=\"lazy\" src=\"http:\/\/archivo.sport.es\/ed\/20121018\/pag_039.html\" width=\"200\" height=\"200\"><\/iframe><\/li>\n<\/ul>\n<p>&nbsp;<\/p>\n","protected":false},"excerpt":{"rendered":"<p>Colaboraciones en medios: El futbolista Carlos garc\u00eda trabaja a distancia con Oliver Mart\u00ednez Entrevista para ABC sobre la m\u00fasica y el running Entrevista al psic\u00f3logo del CF Reus Deportiu Oliver Mart\u00ednez&gt; Beneficios del running Entrevista Oliver Mart\u00ednez sobre la muerte del piloto Simoncelli Entrevista al psic\u00f3logo Oliver Mart\u00ednez en la vanguardia.com Entrevista al psic\u00f3logo deportivo Oliver Mart\u00ednez en el diario Sport &nbsp;<\/p>\n","protected":false},"author":1,"featured_media":0,"parent":0,"menu_order":0,"comment_status":"closed","ping_status":"closed","template":"template-layout-full-width.php","meta":[],"aioseo_notices":[],"_links":{"self":[{"href":"https:\/\/www.deportivamente.com\/wordpress\/wp-json\/wp\/v2\/pages\/63"}],"collection":[{"href":"https:\/\/www.deportivamente.com\/wordpress\/wp-json\/wp\/v2\/pages"}],"about":[{"href":"https:\/\/www.deportivamente.com\/wordpress\/wp-json\/wp\/v2\/types\/page"}],"author":[{"embeddable":true,"href":"https:\/\/www.deportivamente.com\/wordpress\/wp-json\/wp\/v2\/users\/1"}],"replies":[{"embeddable":true,"href":"https:\/\/www.deportivamente.com\/wordpress\/wp-json\/wp\/v2\/comments?post=63"}],"version-history":[{"count":7,"href":"https:\/\/www.deportivamente.com\/wordpress\/wp-json\/wp\/v2\/pages\/63\/revisions"}],"predecessor-version":[{"id":474,"href":"https:\/\/www.deportivamente.com\/wordpress\/wp-json\/wp\/v2\/pages\/63\/revisions\/474"}],"wp:attachment":[{"href":"https:\/\/www.deportivamente.com\/wordpress\/wp-json\/wp\/v2\/media?parent=63"}],"curies":[{"name":"wp","href":"https:\/\/api.w.org\/{rel}","templated":true}]}}