{"id":786,"date":"2017-06-22T08:45:08","date_gmt":"2017-06-22T08:45:08","guid":{"rendered":"http:\/\/www.deportivamente.com\/?page_id=786"},"modified":"2020-02-04T18:55:51","modified_gmt":"2020-02-04T18:55:51","slug":"portada","status":"publish","type":"page","link":"https:\/\/www.deportivamente.com\/wordpress\/","title":{"rendered":"Portada"},"content":{"rendered":"<div id=\"cs-content\" class=\"cs-content\" ><div id=\"x-section-1\" class=\"x-section cs-ta-justify\" style=\"margin: 0px;padding: 0px; background-color: transparent;\"  ><div class=\"x-container fullbackgroundwidth marginless-columns\" style=\"margin: 0px auto;padding: 0px; background-color:hsl(180, 100%, 50%);\"  ><div  class=\"x-column x-sm x-1-1\" style=\"padding: 0px 15% 5%;opacity: 0;transition-duration: 750ms;\" data-x-element=\"column\" data-x-params=\"{&quot;fade&quot;:true}\"  data-fade=\"true\"><h2  class=\"h-custom-headline h4\" ><span>\u00bfQu\u00e9 es<br \/>\ndeportivamente?<\/span><\/h2><div class=\"x-text cs-ta-justify\"  ><p>Es una consulta de psicolog\u00eda deportiva dirigida por el psic\u00f3logo <a href=\"https:\/\/www.deportivamente.com\/wordpress\/oliver-martinez-psicologo-deportivo\/\">Oliver Mart\u00ednez<\/a>, para dar respuesta a todo tipo de demandas psicol\u00f3gicas de <a href=\"https:\/\/www.deportivamente.com\/wordpress\/servicios-a-deportistas\/\">deportistas<\/a>, <a href=\"https:\/\/www.deportivamente.com\/wordpress\/servicio-a-entrenadores-y-tecnicos-deportivos\/\">entrenadores<\/a>, <a href=\"https:\/\/www.deportivamente.com\/wordpress\/servicios-a-clubs-y-entidades-deportivas\/\">clubs<\/a> y organizaciones deportivas.<\/p>\n<p>Las sesiones se pueden hacer presenciales (ver <a href=\"https:\/\/www.deportivamente.com\/wordpress\/contacto\/\">d\u00f3nde estamos<\/a>), o tambi\u00e9n se pueden hacer v\u00eda on-line (ver el ejemplo de <a href=\"https:\/\/www.marca.com\/2011\/10\/20\/futbol\/equipos\/almeria\/1319100994.html\">Carlos Garc\u00eda, exjugador del Almer\u00eda y Maccabi de Telaviv<\/a>).<\/p>\n<p><div id=\"attachment_1048\" style=\"width: 470px\" class=\"wp-caption alignnone\"><img aria-describedby=\"caption-attachment-1048\" decoding=\"async\" loading=\"lazy\" src=\"https:\/\/www.deportivamente.com\/wordpress\/wp-content\/uploads\/2020\/01\/IMG-20190601-WA0002.jpg\" alt=\"Oliver de Deportivamente mejor psic\u00f3logo deportivo seg\u00fan la revista Psicolog\u00eda y Mente\" class=\"wp-image-1048 size-full\" width=\"460\" height=\"796\" srcset=\"https:\/\/www.deportivamente.com\/wordpress\/wp-content\/uploads\/2020\/01\/IMG-20190601-WA0002.jpg 460w, https:\/\/www.deportivamente.com\/wordpress\/wp-content\/uploads\/2020\/01\/IMG-20190601-WA0002-173x300.jpg 173w, https:\/\/www.deportivamente.com\/wordpress\/wp-content\/uploads\/2020\/01\/IMG-20190601-WA0002-100x173.jpg 100w\" sizes=\"(max-width: 460px) 100vw, 460px\" \/><p id=\"caption-attachment-1048\" class=\"wp-caption-text\">Oliver Mart\u00ednez es uno de los psic\u00f3logos m\u00e1s relevantes en la psicolog\u00eda aplicada al deporte en Espa\u00f1a<\/p><\/div><\/p>\n<\/div>\n<div class=\"e786-6 x-text\" >\n  <p>Sigue a Oliver Mart&iacute;nez en Instagram.<\/p><\/div>\n\n<a class=\"e786-7 x-anchor x-anchor-button\" tabindex=\"0\" href=\"https:\/\/www.instagram.com\/oliverpsicologodeportivo\/\" >\n\n  \n  <div class=\"x-anchor-content\">\n    \n<span class=\"x-graphic\" aria-hidden=\"true\" >\n\n  \n<i class=\"x-icon x-graphic-icon x-graphic-primary\" aria-hidden=\"true\" data-x-icon-b=\"&#xf16d;\" ><\/i>\n\n<\/span>\n          <\/div>\n\n    \n  \n<\/a>\n<\/div><\/div><div class=\"x-container\" style=\"margin: 50px auto 0px;padding: 0px; background-color:hsl(47, 89%, 32%);\"  ><div  class=\"x-column x-sm cs-ta-center x-1-1\" style=\"padding: 0px 15% 5%;\" >\n<div class=\"e786-10 x-text x-text-headline\" >\n  <div class=\"x-text-content\"><div class=\"x-text-content-text\"><h1 class=\"x-text-content-text-primary\"><h3 style=\"text-align: center;\">Especialidades deportivas<\/h3><\/h1><\/div><\/div><\/div>\n\n<div class=\"e786-11 x-row\" >\n  <div class=\"x-row-inner\">\n    \n<div class=\"e786-12 x-col\" >\n    \n<div class=\"e786-13 x-text x-text-headline\" >\n  <div class=\"x-text-content\"><div class=\"x-text-content-text\"><h1 class=\"x-text-content-text-primary\"><h4 style=\"text-align: center;\">F\u00fatbol<\/h4><\/h1><\/div><\/div><\/div>\n\n<blockquote class=\"e786-14 x-testimonial\" >\n    <div class=\"x-testimonial-content\">\n    <div class=\"x-testimonial-text\"><\/div>    <span class=\"x-testimonial-cite\">\n<span class=\"x-graphic\" aria-hidden=\"true\" >\n\n  \n<span class=\"e786-14 x-image x-graphic-image x-graphic-primary\" >\n  <img alt=\"Bruno Saltor - Jugador del Brighton y Ex jugador del Valencia CF. Lateral derecho\" src=\"https:\/\/www.deportivamente.com\/wordpress\/wp-content\/uploads\/2020\/01\/IMG-20200121-WA0006-1.jpg\" width=\"360\" height=\"360\" >\n<\/span>\n\n<\/span>\n<span class=\"x-testimonial-cite-content\"><span class=\"x-testimonial-cite-text\">Bruno Saltor - Capit\u00e1n del Brighton y ex jugador del Valencia CF. Lateral derecho<\/span><\/span><\/span>  <\/div>\n<\/blockquote>\n\n<blockquote class=\"e786-15 x-testimonial\" >\n    <div class=\"x-testimonial-content\">\n    <div class=\"x-testimonial-text\"><\/div>    <span class=\"x-testimonial-cite\">\n<span class=\"x-graphic\" aria-hidden=\"true\" >\n\n  \n<span class=\"e786-15 x-image x-graphic-image x-graphic-primary\" >\n  <img alt=\"Jordi Mboula, jugador del AS M\u00f3naco\" src=\"https:\/\/www.deportivamente.com\/wordpress\/wp-content\/uploads\/2020\/01\/IMG-20200121-WA0004.jpg\" width=\"360\" height=\"432\" >\n<\/span>\n\n<\/span>\n<span class=\"x-testimonial-cite-content\"><span class=\"x-testimonial-cite-text\">Jordi Mboula - Jugador del AS M\u00f3naco<\/span><\/span><\/span>  <\/div>\n<\/blockquote>\n<\/div>\n  <\/div>\n  <\/div>\n\n<div class=\"e786-16 x-row\" >\n  <div class=\"x-row-inner\">\n    \n<div class=\"e786-17 x-col\" >\n    \n<div class=\"e786-18 x-text x-text-headline\" >\n  <div class=\"x-text-content\"><div class=\"x-text-content-text\"><h1 class=\"x-text-content-text-primary\"><h4 style=\"text-align: center;\">Ciclismo<\/h4><\/h1><\/div><\/div><\/div>\n\n<blockquote class=\"e786-19 x-testimonial\" >\n    <div class=\"x-testimonial-content\">\n    <div class=\"x-testimonial-text\"><\/div>    <span class=\"x-testimonial-cite\">\n<span class=\"x-graphic\" aria-hidden=\"true\" >\n\n  \n<span class=\"e786-19 x-image x-graphic-image x-graphic-primary\" >\n  <img alt=\"Samuel S\u00e1nchez \u201cSamu\u201d \u2013 Campe\u00f3n Ol\u00edmpico ciclismo en Pek\u00edn 2008. Ciclista del BMC racing team y ex l\u00edder del Euskaltel. Podium en el Tour de France, Giro de Italia y Vuelta ciclista a Espa\u00f1a.\" src=\"https:\/\/www.deportivamente.com\/wordpress\/wp-content\/uploads\/2015\/03\/foto-con-samu-sanchez.jpg\" width=\"480\" height=\"270\" >\n<\/span>\n\n<\/span>\n<span class=\"x-testimonial-cite-content\"><span class=\"x-testimonial-cite-text\">Samuel S&aacute;nchez &ldquo;Samu&rdquo; &ndash; Campe&oacute;n Ol&iacute;mpico ciclismo en Pek&iacute;n 2008. Ciclista del BMC racing team y ex l&iacute;der del Euskaltel. Podium en el Tour de France, Giro de Italia y Vuelta ciclista a Espa&ntilde;a.<\/span><\/span><\/span>  <\/div>\n<\/blockquote>\n\n<blockquote class=\"e786-20 x-testimonial\" >\n    <div class=\"x-testimonial-content\">\n    <div class=\"x-testimonial-text\"><\/div>    <span class=\"x-testimonial-cite\">\n<span class=\"x-graphic\" aria-hidden=\"true\" >\n\n  \n<span class=\"e786-20 x-image x-graphic-image x-graphic-primary\" >\n  <img alt=\"Roger Adri\u00e1 -Corredor profesional del Kern Pharma\" src=\"https:\/\/www.deportivamente.com\/wordpress\/wp-content\/uploads\/2020\/02\/Roger_Adria_Kern_Pharna2020-683x1024.jpeg\" width=\"342\" height=\"512\" >\n<\/span>\n\n<\/span>\n<span class=\"x-testimonial-cite-content\"><span class=\"x-testimonial-cite-text\">Roger Adri\u00e1 -Corredor profesional del Kern Pharma<\/span><\/span><\/span>  <\/div>\n<\/blockquote>\n<\/div>\n  <\/div>\n  <\/div>\n\n<div class=\"e786-21 x-row\" >\n  <div class=\"x-row-inner\">\n    \n<div class=\"e786-22 x-col\" >\n    \n<div class=\"e786-23 x-text x-text-headline\" >\n  <div class=\"x-text-content\"><div class=\"x-text-content-text\"><h1 class=\"x-text-content-text-primary\"><h4 style=\"text-align: center;\">Tenis<\/h4><\/h1><\/div><\/div><\/div>\n\n<blockquote class=\"e786-24 x-testimonial\" >\n    <div class=\"x-testimonial-content\">\n    <div class=\"x-testimonial-text\"><\/div>    <span class=\"x-testimonial-cite\">\n<span class=\"x-graphic\" aria-hidden=\"true\" >\n\n  \n<span class=\"e786-24 x-image x-graphic-image x-graphic-primary\" >\n  <img alt=\"Raquel Ducet\" src=\"https:\/\/www.deportivamente.com\/wordpress\/wp-content\/uploads\/2020\/02\/IMG-20200204-WA0000-e1580839191464.jpg\" width=\"360\" height=\"217\" >\n<\/span>\n\n<\/span>\n<span class=\"x-testimonial-cite-content\"><span class=\"x-testimonial-cite-text\">Raquel Ducet<\/span><\/span><\/span>  <\/div>\n<\/blockquote>\n<\/div>\n  <\/div>\n  <\/div>\n\n<div class=\"e786-25 x-row\" >\n  <div class=\"x-row-inner\">\n    \n<div class=\"e786-26 x-col\" >\n    \n<div class=\"e786-27 x-text x-text-headline\" >\n  <div class=\"x-text-content\"><div class=\"x-text-content-text\"><h1 class=\"x-text-content-text-primary\"><h4 style=\"text-align: center;\">Paddle<\/h4><\/h1><\/div><\/div><\/div>\n\n<blockquote class=\"e786-28 x-testimonial\" >\n    <div class=\"x-testimonial-content\">\n    <div class=\"x-testimonial-text\"><\/div>    <span class=\"x-testimonial-cite\">\n<span class=\"x-graphic\" aria-hidden=\"true\" >\n\n  \n<span class=\"e786-28 x-image x-graphic-image x-graphic-primary\" >\n  <img alt=\"Samuel S\u00e1nchez \u201cSamu\u201d \u2013 Campe\u00f3n Ol\u00edmpico ciclismo en Pek\u00edn 2008. Ciclista del BMC racing team y ex l\u00edder del Euskaltel. Podium en el Tour de France, Giro de Italia y Vuelta ciclista a Espa\u00f1a.\" src=\"https:\/\/www.deportivamente.com\/wordpress\/wp-content\/uploads\/2020\/02\/IMG-20200204-WA0001.jpg\" width=\"512\" height=\"384\" >\n<\/span>\n\n<\/span>\n<span class=\"x-testimonial-cite-content\"><span class=\"x-testimonial-cite-text\">Max Rico y Marc Rico - Jugadores de paddle categor\u00eda cadete campeonato Catalunya<\/span><\/span><\/span>  <\/div>\n<\/blockquote>\n\n<blockquote class=\"e786-29 x-testimonial\" >\n    <div class=\"x-testimonial-content\">\n    <div class=\"x-testimonial-text\"><\/div>    <span class=\"x-testimonial-cite\">\n<span class=\"x-graphic\" aria-hidden=\"true\" >\n\n  \n<span class=\"e786-29 x-image x-graphic-image x-graphic-primary\" >\n  <img alt=\"Guillermo Casal - Jugador profesional padel World Padel Tour\" src=\"https:\/\/www.deportivamente.com\/wordpress\/wp-content\/uploads\/2016\/03\/guillermo-casal.jpg\" width=\"320\" height=\"197\" >\n<\/span>\n\n<\/span>\n<span class=\"x-testimonial-cite-content\"><span class=\"x-testimonial-cite-text\">Guillermo Casal - Jugador profesional padel World Padel Tour<\/span><\/span><\/span>  <\/div>\n<\/blockquote>\n<\/div>\n  <\/div>\n  <\/div>\n\n<div class=\"e786-30 x-row\" >\n  <div class=\"x-row-inner\">\n    \n<div class=\"e786-31 x-col\" >\n    \n<div class=\"e786-32 x-text x-text-headline\" >\n  <div class=\"x-text-content\"><div class=\"x-text-content-text\"><h1 class=\"x-text-content-text-primary\"><h4 style=\"text-align: center;\">Motociclismo<\/h4><\/h1><\/div><\/div><\/div>\n\n<blockquote class=\"e786-33 x-testimonial\" >\n    <div class=\"x-testimonial-content\">\n    <div class=\"x-testimonial-text\"><\/div>    <span class=\"x-testimonial-cite\">\n<span class=\"x-graphic\" aria-hidden=\"true\" >\n\n  \n<span class=\"e786-33 x-image x-graphic-image x-graphic-primary\" >\n  <img alt=\"Mart&iacute; Puig - 3 clasificado campeonato Catalunya Enduradas\" src=\"https:\/\/www.deportivamente.com\/wordpress\/wp-content\/uploads\/2020\/01\/WhatsApp-Image-2020-01-21-at-20.28.32.jpeg\" width=\"360\" height=\"270\" >\n<\/span>\n\n<\/span>\n<span class=\"x-testimonial-cite-content\"><span class=\"x-testimonial-cite-text\">Mart&iacute; Puig - 3 clasificado campeonato Catalunya Enduradas<\/span><\/span><\/span>  <\/div>\n<\/blockquote>\n<\/div>\n  <\/div>\n  <\/div>\n\n<div class=\"e786-34 x-row\" >\n  <div class=\"x-row-inner\">\n    \n<div class=\"e786-35 x-col\" >\n    \n<blockquote class=\"e786-36 x-testimonial\" >\n    <div class=\"x-testimonial-content\">\n    <div class=\"x-testimonial-text\"><\/div>    <span class=\"x-testimonial-cite\">\n<span class=\"x-graphic\" aria-hidden=\"true\" >\n\n  \n<span class=\"e786-36 x-image x-graphic-image x-graphic-primary\" >\n  <img alt=\"Adria S&aacute;nchez - Campe&oacute;n de Espa&ntilde;a Junior de Enduro y Selecci&oacute;n Espa&ntilde;ola\" src=\"https:\/\/www.deportivamente.com\/wordpress\/wp-content\/uploads\/2020\/01\/IMG-20200121-WA0003.jpg\" width=\"222\" height=\"460\" >\n<\/span>\n\n<\/span>\n<span class=\"x-testimonial-cite-content\"><span class=\"x-testimonial-cite-text\">Adria S&aacute;nchez - Campe&oacute;n de Espa&ntilde;a Junior de Enduro y Selecci&oacute;n Espa&ntilde;ola<\/span><\/span><\/span>  <\/div>\n<\/blockquote>\n\n<div class=\"e786-37 x-text x-text-headline\" >\n  <div class=\"x-text-content\"><div class=\"x-text-content-text\"><h1 class=\"x-text-content-text-primary\"><h4 style=\"text-align: center;\">Automovilismo<\/h4><\/h1><\/div><\/div><\/div>\n\n<blockquote class=\"e786-38 x-testimonial\" >\n    <div class=\"x-testimonial-content\">\n    <div class=\"x-testimonial-text\"><\/div>    <span class=\"x-testimonial-cite\">\n<span class=\"x-graphic\" aria-hidden=\"true\" >\n\n  \n<span class=\"e786-38 x-image x-graphic-image x-graphic-primary\" >\n  <img alt=\"Marc de Fulgencio - Piloto de MC Laren\" src=\"https:\/\/www.deportivamente.com\/wordpress\/wp-content\/uploads\/2020\/01\/46cefb83-9166-4ada-89aa-5a2e72182392-1200x800-1-1024x683.jpg\" width=\"512\" height=\"342\" >\n<\/span>\n\n<\/span>\n<span class=\"x-testimonial-cite-content\"><span class=\"x-testimonial-cite-text\">Marc de Fulgencio - Piloto de MC Laren<\/span><\/span><\/span>  <\/div>\n<\/blockquote>\n<\/div>\n  <\/div>\n  <\/div>\n\n<div class=\"e786-39 x-row\" >\n  <div class=\"x-row-inner\">\n    \n<div class=\"e786-40 x-col\" >\n    \n<div class=\"e786-41 x-text x-text-headline\" >\n  <div class=\"x-text-content\"><div class=\"x-text-content-text\"><h1 class=\"x-text-content-text-primary\"><h4 style=\"text-align: center;\">Pirag\u00fcismo<\/h4><\/h1><\/div><\/div><\/div>\n\n<blockquote class=\"e786-42 x-testimonial\" >\n    <div class=\"x-testimonial-content\">\n    <div class=\"x-testimonial-text\"><\/div>    <span class=\"x-testimonial-cite\">\n<span class=\"x-graphic\" aria-hidden=\"true\" >\n\n  \n<span class=\"e786-42 x-image x-graphic-image x-graphic-primary\" >\n  <img alt=\"Marc Moragues\" src=\"https:\/\/www.deportivamente.com\/wordpress\/wp-content\/uploads\/2015\/02\/foto-web-20.jpg\" width=\"480\" height=\"270\" >\n<\/span>\n\n<\/span>\n<span class=\"x-testimonial-cite-content\"><span class=\"x-testimonial-cite-text\">Marc Moragues<\/span><\/span><\/span>  <\/div>\n<\/blockquote>\n\n<blockquote class=\"e786-43 x-testimonial\" >\n    <div class=\"x-testimonial-content\">\n    <div class=\"x-testimonial-text\"><\/div>    <span class=\"x-testimonial-cite\">\n<span class=\"x-graphic\" aria-hidden=\"true\" >\n\n  \n<span class=\"e786-43 x-image x-graphic-image x-graphic-primary\" >\n  <img alt=\"Gerd Serrasolses - Campe\u00f3n del Mundo de Kajac extremo\" src=\"https:\/\/www.deportivamente.com\/wordpress\/wp-content\/uploads\/2020\/02\/IMG-20200203-WA0001.jpg\" width=\"360\" height=\"360\" >\n<\/span>\n\n<\/span>\n<span class=\"x-testimonial-cite-content\"><span class=\"x-testimonial-cite-text\">Gerd Serrasolses - Campe\u00f3n del Mundo de Kajac extremo<\/span><\/span><\/span>  <\/div>\n<\/blockquote>\n<\/div>\n  <\/div>\n  <\/div>\n\n<div class=\"e786-44 x-row\" >\n  <div class=\"x-row-inner\">\n    \n<div class=\"e786-45 x-col\" >\n    \n<div class=\"e786-46 x-text x-text-headline\" >\n  <div class=\"x-text-content\"><div class=\"x-text-content-text\"><h1 class=\"x-text-content-text-primary\"><h4 style=\"text-align: center;\">Basket<\/h4><\/h1><\/div><\/div><\/div>\n\n<blockquote class=\"e786-47 x-testimonial\" >\n    <div class=\"x-testimonial-content\">\n    <div class=\"x-testimonial-text\"><\/div>    <span class=\"x-testimonial-cite\">\n<span class=\"x-graphic\" aria-hidden=\"true\" >\n\n  \n<span class=\"e786-47 x-image x-graphic-image x-graphic-primary\" >\n  <img alt=\"Sergi Santateresa - Jugador de baloncesto Maristes de Sants\" src=\"https:\/\/www.deportivamente.com\/wordpress\/wp-content\/uploads\/2015\/02\/sergi-santateresa.jpg\" width=\"320\" height=\"320\" >\n<\/span>\n\n<\/span>\n<span class=\"x-testimonial-cite-content\"><span class=\"x-testimonial-cite-text\">Sergi Santateresa - Jugador de baloncesto Maristes de Sants<\/span><\/span><\/span>  <\/div>\n<\/blockquote>\n\n<blockquote class=\"e786-48 x-testimonial\" >\n    <div class=\"x-testimonial-content\">\n    <div class=\"x-testimonial-text\"><\/div>    <span class=\"x-testimonial-cite\">\n<span class=\"x-graphic\" aria-hidden=\"true\" >\n\n  \n<span class=\"e786-48 x-image x-graphic-image x-graphic-primary\" >\n  <img alt=\"Mark Barauosel - Jugador Selecci\u00f3n Espa\u00f1ola Basket Junior\" src=\"https:\/\/www.deportivamente.com\/wordpress\/wp-content\/uploads\/2020\/02\/WhatsApp-Image-2020-02-03-at-23.14.00.jpeg\" width=\"320\" height=\"480\" >\n<\/span>\n\n<\/span>\n<span class=\"x-testimonial-cite-content\"><span class=\"x-testimonial-cite-text\">Mark Barauosel - Jugador Selecci\u00f3n Espa\u00f1ola Basket Junior<\/span><\/span><\/span>  <\/div>\n<\/blockquote>\n<\/div>\n  <\/div>\n  <\/div>\n\n<div class=\"e786-49 x-row\" >\n  <div class=\"x-row-inner\">\n    \n<div class=\"e786-50 x-col\" >\n    \n<div class=\"e786-51 x-text x-text-headline\" >\n  <div class=\"x-text-content\"><div class=\"x-text-content-text\"><h1 class=\"x-text-content-text-primary\"><h4 style=\"text-align: center;\">Bailes deportivos<\/h4><\/h1><\/div><\/div><\/div>\n\n<blockquote class=\"e786-52 x-testimonial\" >\n    <div class=\"x-testimonial-content\">\n    <div class=\"x-testimonial-text\"><\/div>    <span class=\"x-testimonial-cite\">\n<span class=\"x-graphic\" aria-hidden=\"true\" >\n\n  \n<span class=\"e786-52 x-image x-graphic-image x-graphic-primary\" >\n  <img alt=\"Isaac y Desiree - Bailarines deportivos.7 veces campeones de Espa\u00f1a en modalidad st\u00e1ndard y 10 bailes.\" src=\"https:\/\/www.deportivamente.com\/wordpress\/wp-content\/uploads\/2015\/02\/isaac-y-desiree.jpg\" width=\"171\" height=\"256\" >\n<\/span>\n\n<\/span>\n<span class=\"x-testimonial-cite-content\"><span class=\"x-testimonial-cite-text\">Isaac y Desiree - Bailarines deportivos.7 veces campeones de Espa\u00f1a en modalidad st\u00e1ndard y 10 bailes.<\/span><\/span><\/span>  <\/div>\n<\/blockquote>\n<\/div>\n  <\/div>\n  <\/div>\n\n<div class=\"e786-53 x-row\" >\n  <div class=\"x-row-inner\">\n    \n<div class=\"e786-54 x-col\" >\n    \n<div class=\"e786-55 x-text x-text-headline\" >\n  <div class=\"x-text-content\"><div class=\"x-text-content-text\"><h1 class=\"x-text-content-text-primary\"><h4 style=\"text-align: center;\">Esqu\u00ed<\/h4><\/h1><\/div><\/div><\/div>\n\n<blockquote class=\"e786-56 x-testimonial\" >\n    <div class=\"x-testimonial-content\">\n    <div class=\"x-testimonial-text\"><\/div>    <span class=\"x-testimonial-cite\">\n<span class=\"x-graphic\" aria-hidden=\"true\" >\n\n  \n<span class=\"e786-56 x-image x-graphic-image x-graphic-primary\" >\n  <img alt=\"David Capdeferro - Corredor U18 FIS de La Molina Club d Esports\" src=\"https:\/\/www.deportivamente.com\/wordpress\/wp-content\/uploads\/2020\/02\/WhatsApp-Image-2020-01-31-at-18.14.27-e1580728884589.jpeg\" width=\"237\" height=\"108\" >\n<\/span>\n\n<\/span>\n<span class=\"x-testimonial-cite-content\"><span class=\"x-testimonial-cite-text\">David Capdeferro - Corredor U18 FIS de La Molina Club d Esports<\/span><\/span><\/span>  <\/div>\n<\/blockquote>\n<\/div>\n  <\/div>\n  <\/div>\n\n<div class=\"e786-57 x-row\" >\n  <div class=\"x-row-inner\">\n    \n<div class=\"e786-58 x-col\" >\n    \n<div class=\"e786-59 x-text x-text-headline\" >\n  <div class=\"x-text-content\"><div class=\"x-text-content-text\"><h1 class=\"x-text-content-text-primary\"><h4 style=\"text-align: center;\">Tiro ol\u00edmpico<\/h4><\/h1><\/div><\/div><\/div>\n\n<blockquote class=\"e786-60 x-testimonial\" >\n    <div class=\"x-testimonial-content\">\n    <div class=\"x-testimonial-text\"><\/div>    <span class=\"x-testimonial-cite\">\n<span class=\"x-graphic\" aria-hidden=\"true\" >\n\n  \n<span class=\"e786-60 x-image x-graphic-image x-graphic-primary\" >\n  <img alt=\"Nuria Bardasco - 3a campeonato de Espa\u00f1a de Tiro Ol\u00edmpico\" src=\"https:\/\/www.deportivamente.com\/wordpress\/wp-content\/uploads\/2020\/01\/WhatsApp-Image-2020-01-21-at-21.03.21.jpeg\" width=\"289\" height=\"289\" >\n<\/span>\n\n<\/span>\n<span class=\"x-testimonial-cite-content\"><span class=\"x-testimonial-cite-text\">Nuria Bardasco - 3a campeonato de Espa\u00f1a de Tiro Ol\u00edmpico<\/span><\/span><\/span>  <\/div>\n<\/blockquote>\n<\/div>\n  <\/div>\n  <\/div>\n\n<div class=\"e786-61 x-row\" >\n  <div class=\"x-row-inner\">\n    \n<div class=\"e786-62 x-col\" >\n    \n<div class=\"e786-63 x-text x-text-headline\" >\n  <div class=\"x-text-content\"><div class=\"x-text-content-text\"><h1 class=\"x-text-content-text-primary\"><h4 style=\"text-align: center;\">Trial<\/h4><\/h1><\/div><\/div><\/div>\n\n<blockquote class=\"e786-64 x-testimonial\" >\n    <div class=\"x-testimonial-content\">\n    <div class=\"x-testimonial-text\"><\/div>    <span class=\"x-testimonial-cite\">\n<span class=\"x-graphic\" aria-hidden=\"true\" >\n\n  \n<span class=\"e786-64 x-image x-graphic-image x-graphic-primary\" >\n  <img alt=\"Laia Esqu\u00eds - campeona del Mundo de trial 2019 (girls)\" src=\"https:\/\/www.deportivamente.com\/wordpress\/wp-content\/uploads\/2020\/01\/IMG-20200121-WA0005.jpg\" width=\"259\" height=\"460\" >\n<\/span>\n\n<\/span>\n<span class=\"x-testimonial-cite-content\"><span class=\"x-testimonial-cite-text\">Laia Esqu\u00eds - campeona del Mundo de trial 2019 (girls)<\/span><\/span><\/span>  <\/div>\n<\/blockquote>\n<\/div>\n  <\/div>\n  <\/div>\n\n<div class=\"e786-65 x-row\" >\n  <div class=\"x-row-inner\">\n    \n<div class=\"e786-66 x-col\" >\n    \n<div class=\"e786-67 x-text x-text-headline\" >\n  <div class=\"x-text-content\"><div class=\"x-text-content-text\"><h1 class=\"x-text-content-text-primary\"><h4 style=\"text-align: center;\">Volei Playa<\/h4><\/h1><\/div><\/div><\/div>\n\n<blockquote class=\"e786-68 x-testimonial\" >\n    <div class=\"x-testimonial-content\">\n    <div class=\"x-testimonial-text\"><\/div>    <span class=\"x-testimonial-cite\">\n<span class=\"x-graphic\" aria-hidden=\"true\" >\n\n  \n<span class=\"e786-68 x-image x-graphic-image x-graphic-primary\" >\n  <img alt=\"Samuel S\u00e1nchez \u201cSamu\u201d \u2013 Campe\u00f3n Ol\u00edmpico ciclismo en Pek\u00edn 2008. Ciclista del BMC racing team y ex l\u00edder del Euskaltel. Podium en el Tour de France, Giro de Italia y Vuelta ciclista a Espa\u00f1a.\" src=\"\" >\n<\/span>\n\n<\/span>\n<\/span>  <\/div>\n<\/blockquote>\n<\/div>\n  <\/div>\n  <\/div>\n\n<div class=\"e786-69 x-row\" >\n  <div class=\"x-row-inner\">\n    \n<div class=\"e786-70 x-col\" >\n    \n<div class=\"e786-71 x-text x-text-headline\" >\n  <div class=\"x-text-content\"><div class=\"x-text-content-text\"><h1 class=\"x-text-content-text-primary\"><h4 style=\"text-align: center;\">Hockey hielo<\/h4><\/h1><\/div><\/div><\/div>\n\n<blockquote class=\"e786-72 x-testimonial\" >\n    <div class=\"x-testimonial-content\">\n    <div class=\"x-testimonial-text\"><\/div>    <span class=\"x-testimonial-cite\">\n<span class=\"x-graphic\" aria-hidden=\"true\" >\n\n  \n<span class=\"e786-72 x-image x-graphic-image x-graphic-primary\" >\n  <img alt=\"Guillem Torner y Albert Torner - Jugadores hockey hielo selecci\u00f3n espa\u00f1ola sub 21\" src=\"https:\/\/www.deportivamente.com\/wordpress\/wp-content\/uploads\/2016\/03\/Guillem-y-Albert-Torner-1024x683.jpg\" width=\"512\" height=\"342\" >\n<\/span>\n\n<\/span>\n<span class=\"x-testimonial-cite-content\"><span class=\"x-testimonial-cite-text\">Guillem Torner y Albert Torner - Jugadores hockey hielo selecci\u00f3n espa\u00f1ola sub 21<\/span><\/span><\/span>  <\/div>\n<\/blockquote>\n<\/div>\n  <\/div>\n  <\/div>\n\n<div class=\"e786-73 x-row\" >\n  <div class=\"x-row-inner\">\n    \n<div class=\"e786-74 x-col\" >\n    \n<div class=\"e786-75 x-text x-text-headline\" >\n  <div class=\"x-text-content\"><div class=\"x-text-content-text\"><h1 class=\"x-text-content-text-primary\"><h4 style=\"text-align: center;\">Nataci\u00f3n<\/h4><\/h1><\/div><\/div><\/div>\n\n<blockquote class=\"e786-76 x-testimonial\" >\n    <div class=\"x-testimonial-content\">\n    <div class=\"x-testimonial-text\"><\/div>    <span class=\"x-testimonial-cite\">\n<span class=\"x-graphic\" aria-hidden=\"true\" >\n\n  \n<span class=\"e786-76 x-image x-graphic-image x-graphic-primary\" >\n  <img alt=\"Guillermo Mu\u00f1oz - Nadador CN Barcelona\" src=\"https:\/\/www.deportivamente.com\/wordpress\/wp-content\/uploads\/2020\/02\/WhatsApp-Image-2020-02-03-at-20.13.44.jpeg\" width=\"360\" height=\"270\" >\n<\/span>\n\n<\/span>\n<span class=\"x-testimonial-cite-content\"><span class=\"x-testimonial-cite-text\">Guillermo Mu\u00f1oz - Nadador CN Barcelona<\/span><\/span><\/span>  <\/div>\n<\/blockquote>\n\n<blockquote class=\"e786-77 x-testimonial\" >\n    <div class=\"x-testimonial-content\">\n    <div class=\"x-testimonial-text\"><\/div>    <span class=\"x-testimonial-cite\">\n<span class=\"x-graphic\" aria-hidden=\"true\" >\n\n  \n<span class=\"e786-77 x-image x-graphic-image x-graphic-primary\" >\n  <img alt=\"Blanca Olivares - Nadadora Club Nataci\u00f3 Barcelona\" src=\"https:\/\/www.deportivamente.com\/wordpress\/wp-content\/uploads\/2015\/04\/IMG-20150419-WA0001.jpg\" width=\"360\" height=\"240\" >\n<\/span>\n\n<\/span>\n<span class=\"x-testimonial-cite-content\"><span class=\"x-testimonial-cite-text\">Blanca Olivares - Nadadora Club Nataci\u00f3 Barcelona<\/span><\/span><\/span>  <\/div>\n<\/blockquote>\n<\/div>\n  <\/div>\n  <\/div>\n\n<div class=\"e786-78 x-row\" >\n  <div class=\"x-row-inner\">\n    \n<div class=\"e786-79 x-col\" >\n    \n<div class=\"e786-80 x-text x-text-headline\" >\n  <div class=\"x-text-content\"><div class=\"x-text-content-text\"><h1 class=\"x-text-content-text-primary\"><h4 style=\"text-align: center;\">Atletismo<\/h4><\/h1><\/div><\/div><\/div>\n\n<blockquote class=\"e786-81 x-testimonial\" >\n    <div class=\"x-testimonial-content\">\n    <div class=\"x-testimonial-text\"><\/div>    <span class=\"x-testimonial-cite\">\n<span class=\"x-graphic\" aria-hidden=\"true\" >\n\n  \n<span class=\"e786-81 x-image x-graphic-image x-graphic-primary\" >\n  <img alt=\"Samuel S\u00e1nchez \u201cSamu\u201d \u2013 Campe\u00f3n Ol\u00edmpico ciclismo en Pek\u00edn 2008. Ciclista del BMC racing team y ex l\u00edder del Euskaltel. Podium en el Tour de France, Giro de Italia y Vuelta ciclista a Espa\u00f1a.\" src=\"\" >\n<\/span>\n\n<\/span>\n<\/span>  <\/div>\n<\/blockquote>\n<\/div>\n  <\/div>\n  <\/div>\n\n<div class=\"e786-82 x-row\" >\n  <div class=\"x-row-inner\">\n    \n<div class=\"e786-83 x-col\" >\n    \n<div class=\"e786-84 x-text x-text-headline\" >\n  <div class=\"x-text-content\"><div class=\"x-text-content-text\"><h1 class=\"x-text-content-text-primary\"><h4 style=\"text-align: center;\">Polo<\/h4><\/h1><\/div><\/div><\/div>\n\n<blockquote class=\"e786-85 x-testimonial\" >\n    <div class=\"x-testimonial-content\">\n    <div class=\"x-testimonial-text\"><\/div>    <span class=\"x-testimonial-cite\">\n<span class=\"x-graphic\" aria-hidden=\"true\" >\n\n  \n<span class=\"e786-85 x-image x-graphic-image x-graphic-primary\" >\n  <img alt=\"Tonete Ayesa - Jugador de la selecci\u00f3n espa\u00f1ola de Polo\" src=\"https:\/\/www.deportivamente.com\/wordpress\/wp-content\/uploads\/2020\/01\/WhatsApp-Image-2020-01-21-at-20.31.19.jpeg\" width=\"360\" height=\"270\" >\n<\/span>\n\n<\/span>\n<span class=\"x-testimonial-cite-content\"><span class=\"x-testimonial-cite-text\">Tonete Ayesa - Jugador de la selecci\u00f3n espa\u00f1ola de Polo<\/span><\/span><\/span>  <\/div>\n<\/blockquote>\n<\/div>\n  <\/div>\n  <\/div>\n\n<div class=\"e786-86 x-row\" >\n  <div class=\"x-row-inner\">\n    \n<div class=\"e786-87 x-col\" >\n    \n<div class=\"e786-88 x-text x-text-headline\" >\n  <div class=\"x-text-content\"><div class=\"x-text-content-text\"><h1 class=\"x-text-content-text-primary\"><h4 style=\"text-align: center;\">Billar<\/h4><\/h1><\/div><\/div><\/div>\n\n<blockquote class=\"e786-89 x-testimonial\" >\n    <div class=\"x-testimonial-content\">\n    <div class=\"x-testimonial-text\"><\/div>    <span class=\"x-testimonial-cite\">\n<span class=\"x-graphic\" aria-hidden=\"true\" >\n\n  \n<span class=\"e786-89 x-image x-graphic-image x-graphic-primary\" >\n  <img alt=\"Javier Farreres- Jugador amateur de snooker.Club Monforte.\" src=\"https:\/\/www.deportivamente.com\/wordpress\/wp-content\/uploads\/2015\/02\/foto-javier-farreres-2.jpg\" width=\"480\" height=\"270\" >\n<\/span>\n\n<\/span>\n<span class=\"x-testimonial-cite-content\"><span class=\"x-testimonial-cite-text\">Javier Farreres- Jugador amateur de snooker.Club Monforte.<\/span><\/span><\/span>  <\/div>\n<\/blockquote>\n<\/div>\n  <\/div>\n  <\/div>\n<\/div><\/div><div class=\"x-container\" style=\"margin: 50px auto 0px;padding: 0px; background-color:hsl(44, 90%, 59%);\"  ><div  class=\"x-column x-sm cs-ta-center x-1-1\" style=\"padding: 0px 15% 5%;\" ><div class=\"x-text\"  ><h3>DEMANDAS M\u00c1S FRECUENTES<\/h3>\n<\/div><div  class=\"x-feature-box center-text top-text cf\" style=\" max-width: none;\" data-x-element=\"feature_box\" data-x-params=\"{&quot;child&quot;:false,&quot;graphicAnimation&quot;:&quot;none&quot;,&quot;graphicAnimationOffset&quot;:&quot;50&quot;,&quot;graphicAnimationDelay&quot;:&quot;0&quot;}\" ><div class=\"x-feature-box-graphic rounded \"><div class=\"x-feature-box-graphic-outer rounded\" style=\"\"><div class=\"x-feature-box-graphic-inner rounded\" style=\"font-size: 200px;\"><img class=\"rounded\" src=\"https:\/\/www.deportivamente.com\/wordpress\/wp-content\/uploads\/2015\/03\/alba-futbolista-e1541577065432.jpg\" style=\"margin: 0 auto;\"><\/div><\/div><\/div><div class=\"x-feature-box-content \"><h4 class=\"x-feature-box-title\">Rendimiento<\/h4><p class=\"x-feature-box-text\">\u00bfRindes muy bien en los entrenos, pero tienes dificultades para desplegar tus habilidades en la competici\u00f3n?<\/p><\/div><\/div><div  class=\"x-feature-box center-text top-text cf\" style=\" max-width: none;\" data-x-element=\"feature_box\" data-x-params=\"{&quot;child&quot;:false,&quot;graphicAnimation&quot;:&quot;none&quot;,&quot;graphicAnimationOffset&quot;:&quot;50&quot;,&quot;graphicAnimationDelay&quot;:&quot;0&quot;}\" ><div class=\"x-feature-box-graphic rounded \"><div class=\"x-feature-box-graphic-outer rounded\" style=\"\"><div class=\"x-feature-box-graphic-inner rounded\" style=\"font-size: 200px;\"><img class=\"rounded\" src=\"https:\/\/www.deportivamente.com\/wordpress\/wp-content\/uploads\/2015\/03\/1404330259190.jpg\" style=\"margin: 0 auto;\"><\/div><\/div><\/div><div class=\"x-feature-box-content \"><h4 class=\"x-feature-box-title\">Precisi\u00f3n<\/h4><p class=\"x-feature-box-text\">\u00bfEres un futbolista que quiere mejorar la precisi\u00f3n en los disparos a puerta o centros en carrera?<\/p><\/div><\/div><div  class=\"x-feature-box center-text top-text cf\" style=\" max-width: none;\" data-x-element=\"feature_box\" data-x-params=\"{&quot;child&quot;:false,&quot;graphicAnimation&quot;:&quot;none&quot;,&quot;graphicAnimationOffset&quot;:&quot;50&quot;,&quot;graphicAnimationDelay&quot;:&quot;0&quot;}\" ><div class=\"x-feature-box-graphic rounded \"><div class=\"x-feature-box-graphic-outer rounded\" style=\"\"><div class=\"x-feature-box-graphic-inner rounded\" style=\"font-size: 200px;\"><img class=\"rounded\" src=\"https:\/\/www.deportivamente.com\/wordpress\/wp-content\/uploads\/2015\/04\/tiro-libre.jpg\" style=\"margin: 0 auto;\"><\/div><\/div><\/div><div class=\"x-feature-box-content \"><h4 class=\"x-feature-box-title\">Visualizaci\u00f3n<\/h4><p class=\"x-feature-box-text\">\u00bfEres un jugador de baloncesto que quiere mejorar su porcentaje de tiros libres y de larga distancia a trav\u00e9s del trabajo en precisi\u00f3n y visualizaci\u00f3n?<\/p><\/div><\/div><div  class=\"x-feature-box center-text top-text cf\" style=\" max-width: none;\" data-x-element=\"feature_box\" data-x-params=\"{&quot;child&quot;:false,&quot;graphicAnimation&quot;:&quot;none&quot;,&quot;graphicAnimationOffset&quot;:&quot;50&quot;,&quot;graphicAnimationDelay&quot;:&quot;0&quot;}\" ><div class=\"x-feature-box-graphic rounded \"><div class=\"x-feature-box-graphic-outer rounded\" style=\"\"><div class=\"x-feature-box-graphic-inner rounded\" style=\"font-size: 200px;\"><img class=\"rounded\" src=\"https:\/\/www.deportivamente.com\/wordpress\/wp-content\/uploads\/2015\/04\/atleta-con-ansiedad-antes-competi-e1541595539201.jpg\" style=\"margin: 0 auto;\"><\/div><\/div><\/div><div class=\"x-feature-box-content \"><h4 class=\"x-feature-box-title\">Ansiedad<\/h4><p class=\"x-feature-box-text\">\u00bfNo controlas tu ansiedad antes de una competici\u00f3n?<\/p><\/div><\/div><div  class=\"x-feature-box center-text top-text cf\" style=\" max-width: none;\" data-x-element=\"feature_box\" data-x-params=\"{&quot;child&quot;:false,&quot;graphicAnimation&quot;:&quot;none&quot;,&quot;graphicAnimationOffset&quot;:&quot;50&quot;,&quot;graphicAnimationDelay&quot;:&quot;0&quot;}\" ><div class=\"x-feature-box-graphic rounded \"><div class=\"x-feature-box-graphic-outer rounded\" style=\"\"><div class=\"x-feature-box-graphic-inner rounded\" style=\"font-size: 200px;\"><img class=\"rounded\" src=\"https:\/\/www.deportivamente.com\/wordpress\/wp-content\/uploads\/2015\/04\/deportista-con-perdida-de-confianza.jpg\" style=\"margin: 0 auto;\"><\/div><\/div><\/div><div class=\"x-feature-box-content \"><h4 class=\"x-feature-box-title\">Motivaci\u00f3n<\/h4><p class=\"x-feature-box-text\">\u00bfEres un deportistas que ha perdido la autoconfianza o la motivaci\u00f3n en general?<\/p><\/div><\/div><div  class=\"x-feature-box center-text top-text cf\" style=\" max-width: none;\" data-x-element=\"feature_box\" data-x-params=\"{&quot;child&quot;:false,&quot;graphicAnimation&quot;:&quot;none&quot;,&quot;graphicAnimationOffset&quot;:&quot;50&quot;,&quot;graphicAnimationDelay&quot;:&quot;0&quot;}\" ><div class=\"x-feature-box-graphic rounded \"><div class=\"x-feature-box-graphic-outer rounded\" style=\"\"><div class=\"x-feature-box-graphic-inner rounded\" style=\"font-size: 200px;\"><img class=\"rounded\" src=\"https:\/\/www.deportivamente.com\/wordpress\/wp-content\/uploads\/2015\/04\/entrenador-y-jugador-mejora-relacion.jpg\" style=\"margin: 0 auto;\"><\/div><\/div><\/div><div class=\"x-feature-box-content \"><h4 class=\"x-feature-box-title\">Relaciones<\/h4><p class=\"x-feature-box-text\">\u00bfEres un deportista de equipo que quiere mejorar su relaci\u00f3n con el entrenador?<\/p><\/div><\/div><div  class=\"x-feature-box center-text top-text cf\" style=\" max-width: none;\" data-x-element=\"feature_box\" data-x-params=\"{&quot;child&quot;:false,&quot;graphicAnimation&quot;:&quot;none&quot;,&quot;graphicAnimationOffset&quot;:&quot;50&quot;,&quot;graphicAnimationDelay&quot;:&quot;0&quot;}\" ><div class=\"x-feature-box-graphic rounded \"><div class=\"x-feature-box-graphic-outer rounded\" style=\"\"><div class=\"x-feature-box-graphic-inner rounded\" style=\"font-size: 200px;\"><img class=\"rounded\" src=\"https:\/\/www.deportivamente.com\/wordpress\/wp-content\/uploads\/2015\/03\/demandas-runner-que-se-prepara.jpg\" style=\"margin: 0 auto;\"><\/div><\/div><\/div><div class=\"x-feature-box-content \"><h4 class=\"x-feature-box-title\">Preparaci\u00f3n<\/h4><p class=\"x-feature-box-text\">\u00bfEres un runner que quiere prepararse para carreras de un nivel medio-alto, alto?<\/p><\/div><\/div><div  class=\"x-feature-box center-text top-text cf\" style=\" max-width: none;\" data-x-element=\"feature_box\" data-x-params=\"{&quot;child&quot;:false,&quot;graphicAnimation&quot;:&quot;none&quot;,&quot;graphicAnimationOffset&quot;:&quot;50&quot;,&quot;graphicAnimationDelay&quot;:&quot;0&quot;}\" ><div class=\"x-feature-box-graphic rounded \"><div class=\"x-feature-box-graphic-outer rounded\" style=\"\"><div class=\"x-feature-box-graphic-inner rounded\" style=\"font-size: 200px;\"><img class=\"rounded\" src=\"https:\/\/www.deportivamente.com\/wordpress\/wp-content\/uploads\/2015\/04\/jordan-liderando.jpg\" style=\"margin: 0 auto;\"><\/div><\/div><\/div><div class=\"x-feature-box-content \"><h4 class=\"x-feature-box-title\">Liderazgo<\/h4><p class=\"x-feature-box-text\">\u00bfEres un deportista de equipo que quiere escalar en su estatus como l\u00edder dentro del grupo?<\/p><\/div><\/div><div  class=\"x-feature-box center-text top-text cf\" style=\" max-width: none;\" data-x-element=\"feature_box\" data-x-params=\"{&quot;child&quot;:false,&quot;graphicAnimation&quot;:&quot;none&quot;,&quot;graphicAnimationOffset&quot;:&quot;50&quot;,&quot;graphicAnimationDelay&quot;:&quot;0&quot;}\" ><div class=\"x-feature-box-graphic rounded \"><div class=\"x-feature-box-graphic-outer rounded\" style=\"\"><div class=\"x-feature-box-graphic-inner rounded\" style=\"font-size: 200px;\"><img class=\"rounded\" src=\"https:\/\/www.deportivamente.com\/wordpress\/wp-content\/uploads\/2015\/04\/david-cal.jpg\" style=\"margin: 0 auto;\"><\/div><\/div><\/div><div class=\"x-feature-box-content \"><h4 class=\"x-feature-box-title\">Futuro<\/h4><p class=\"x-feature-box-text\">\u00bfEres un deportista de \u00e9lite que est\u00e1 a punto de abandonar su carrera deportiva y necesita orientarse para su futuro profesional?<\/p><\/div><\/div><div  class=\"x-feature-box center-text top-text cf\" style=\" max-width: none;\" data-x-element=\"feature_box\" data-x-params=\"{&quot;child&quot;:false,&quot;graphicAnimation&quot;:&quot;none&quot;,&quot;graphicAnimationOffset&quot;:&quot;50&quot;,&quot;graphicAnimationDelay&quot;:&quot;0&quot;}\" ><div class=\"x-feature-box-graphic rounded \"><div class=\"x-feature-box-graphic-outer rounded\" style=\"\"><div class=\"x-feature-box-graphic-inner rounded\" style=\"font-size: 200px;\"><img class=\"rounded\" src=\"https:\/\/www.deportivamente.com\/wordpress\/wp-content\/uploads\/2015\/03\/demandas-entrenador-formacion-psicologica-e1541606238569.jpg\" style=\"margin: 0 auto;\"><\/div><\/div><\/div><div class=\"x-feature-box-content \"><h4 class=\"x-feature-box-title\">Gesti\u00f3n<\/h4><p class=\"x-feature-box-text\">\u00bfEres un entrenador que quiere ser formado en habilidades psicol\u00f3gicas para la gesti\u00f3n de equipos?<\/p><\/div><\/div><div  class=\"x-feature-box center-text top-text cf\" style=\" max-width: none;\" data-x-element=\"feature_box\" data-x-params=\"{&quot;child&quot;:false,&quot;graphicAnimation&quot;:&quot;none&quot;,&quot;graphicAnimationOffset&quot;:&quot;50&quot;,&quot;graphicAnimationDelay&quot;:&quot;0&quot;}\" ><div class=\"x-feature-box-graphic rounded \"><div class=\"x-feature-box-graphic-outer rounded\" style=\"\"><div class=\"x-feature-box-graphic-inner rounded\" style=\"font-size: 200px;\"><img class=\"rounded\" src=\"https:\/\/www.deportivamente.com\/wordpress\/wp-content\/uploads\/2015\/03\/demandas-equipo-cohesionado.jpg\" style=\"margin: 0 auto;\"><\/div><\/div><\/div><div class=\"x-feature-box-content \"><h4 class=\"x-feature-box-title\">Cohesi\u00f3n<\/h4><p class=\"x-feature-box-text\">\u00bfEres un entrenador que quiere herramientas para cohesionar y mejorar el clima del equipo?<\/p><\/div><\/div><div  class=\"x-feature-box center-text top-text cf\" style=\" max-width: none;\" data-x-element=\"feature_box\" data-x-params=\"{&quot;child&quot;:false,&quot;graphicAnimation&quot;:&quot;none&quot;,&quot;graphicAnimationOffset&quot;:&quot;50&quot;,&quot;graphicAnimationDelay&quot;:&quot;0&quot;}\" ><div class=\"x-feature-box-graphic rounded \"><div class=\"x-feature-box-graphic-outer rounded\" style=\"\"><div class=\"x-feature-box-graphic-inner rounded\" style=\"font-size: 200px;\"><img class=\"rounded\" src=\"https:\/\/www.deportivamente.com\/wordpress\/wp-content\/uploads\/2015\/04\/entrenador-con-ni\u00f1os.jpg\" style=\"margin: 0 auto;\"><\/div><\/div><\/div><div class=\"x-feature-box-content \"><h4 class=\"x-feature-box-title\">Valores<\/h4><p class=\"x-feature-box-text\">\u00bfEres un entrenador de j\u00f3venes deportistas que quiere formarse psicopedag\u00f3gicamente para aprender a educar en valores mientras entrena?<\/p><\/div><\/div><div  class=\"x-feature-box center-text top-text cf\" style=\" max-width: none;\" data-x-element=\"feature_box\" data-x-params=\"{&quot;child&quot;:false,&quot;graphicAnimation&quot;:&quot;none&quot;,&quot;graphicAnimationOffset&quot;:&quot;50&quot;,&quot;graphicAnimationDelay&quot;:&quot;0&quot;}\" ><div class=\"x-feature-box-graphic rounded \"><div class=\"x-feature-box-graphic-outer rounded\" style=\"\"><div class=\"x-feature-box-graphic-inner rounded\" style=\"font-size: 200px;\"><img class=\"rounded\" src=\"https:\/\/www.deportivamente.com\/wordpress\/wp-content\/uploads\/2015\/03\/demandas-entrenador-conocer-perfil-psicologico.jpg\" style=\"margin: 0 auto;\"><\/div><\/div><\/div><div class=\"x-feature-box-content \"><h4 class=\"x-feature-box-title\">Perfiles<\/h4><p class=\"x-feature-box-text\">\u00bfEres un entrenador que quiere conocer el perfil psicol\u00f3gico de sus jugadores?<\/p><\/div><\/div><div  class=\"x-feature-box center-text top-text cf\" style=\" max-width: none;\" data-x-element=\"feature_box\" data-x-params=\"{&quot;child&quot;:false,&quot;graphicAnimation&quot;:&quot;none&quot;,&quot;graphicAnimationOffset&quot;:&quot;50&quot;,&quot;graphicAnimationDelay&quot;:&quot;0&quot;}\" ><div class=\"x-feature-box-graphic rounded \"><div class=\"x-feature-box-graphic-outer rounded\" style=\"\"><div class=\"x-feature-box-graphic-inner rounded\" style=\"font-size: 200px;\"><img class=\"rounded\" src=\"https:\/\/www.deportivamente.com\/wordpress\/wp-content\/uploads\/2015\/03\/demandas-entrenador-necesidades-comunicativas.jpg\" style=\"margin: 0 auto;\"><\/div><\/div><\/div><div class=\"x-feature-box-content \"><h4 class=\"x-feature-box-title\">Imagen<\/h4><p class=\"x-feature-box-text\">\u00bfEres un entrenador que necesita trabajar sus habilidades comunicativas y su imagen externa de cara a los medios de comunicaci\u00f3n?<\/p><\/div><\/div><div  class=\"x-feature-box center-text top-text cf\" style=\" max-width: none;\" data-x-element=\"feature_box\" data-x-params=\"{&quot;child&quot;:false,&quot;graphicAnimation&quot;:&quot;none&quot;,&quot;graphicAnimationOffset&quot;:&quot;50&quot;,&quot;graphicAnimationDelay&quot;:&quot;0&quot;}\" ><div class=\"x-feature-box-graphic rounded \"><div class=\"x-feature-box-graphic-outer rounded\" style=\"\"><div class=\"x-feature-box-graphic-inner rounded\" style=\"font-size: 200px;\"><img class=\"rounded\" src=\"https:\/\/www.deportivamente.com\/wordpress\/wp-content\/uploads\/2015\/02\/oliver-formando-a-bailarines-DANDI.jpg\" style=\"margin: 0 auto;\"><\/div><\/div><\/div><div class=\"x-feature-box-content \"><h4 class=\"x-feature-box-title\">Charlas<\/h4><p class=\"x-feature-box-text\">\u00bfEres de un club que quiere organizar una o varias charlas sobre psicolog\u00eda del deporte en general, formaci\u00f3n psicopedag\u00f3gica para j\u00f3venes deportistas, valores a trav\u00e9s del deporte, etc\u2026?<\/p><\/div><\/div><div  class=\"x-feature-box center-text top-text cf\" style=\" max-width: none;\" data-x-element=\"feature_box\" data-x-params=\"{&quot;child&quot;:false,&quot;graphicAnimation&quot;:&quot;none&quot;,&quot;graphicAnimationOffset&quot;:&quot;50&quot;,&quot;graphicAnimationDelay&quot;:&quot;0&quot;}\" ><div class=\"x-feature-box-graphic rounded \"><div class=\"x-feature-box-graphic-outer rounded\" style=\"\"><div class=\"x-feature-box-graphic-inner rounded\" style=\"font-size: 200px;\"><img class=\"rounded\" src=\"https:\/\/www.deportivamente.com\/wordpress\/wp-content\/uploads\/2015\/04\/charla-con-padres.jpg\" style=\"margin: 0 auto;\"><\/div><\/div><\/div><div class=\"x-feature-box-content \"><h4 class=\"x-feature-box-title\">Orientaci\u00f3n<\/h4><p class=\"x-feature-box-text\">\u00bfEres de un club de f\u00fatbol o b\u00e1sket que quiere realizar charlas de orientaci\u00f3n a padres y entrenadores?<\/p><\/div><\/div><div  class=\"x-feature-box center-text top-text cf\" style=\" max-width: none;\" data-x-element=\"feature_box\" data-x-params=\"{&quot;child&quot;:false,&quot;graphicAnimation&quot;:&quot;none&quot;,&quot;graphicAnimationOffset&quot;:&quot;50&quot;,&quot;graphicAnimationDelay&quot;:&quot;0&quot;}\" ><div class=\"x-feature-box-graphic rounded \"><div class=\"x-feature-box-graphic-outer rounded\" style=\"\"><div class=\"x-feature-box-graphic-inner rounded\" style=\"font-size: 200px;\"><img class=\"rounded\" src=\"https:\/\/www.deportivamente.com\/wordpress\/wp-content\/uploads\/2015\/04\/ayuntamiento-de-madrid.jpg\" style=\"margin: 0 auto;\"><\/div><\/div><\/div><div class=\"x-feature-box-content \"><h4 class=\"x-feature-box-title\">Jornadas<\/h4><p class=\"x-feature-box-text\">\u00bfEres de un Ayuntamiento que quiere preparar unas jornadas deportivas y formaci\u00f3n a t\u00e9cnicos deportivos?<\/p><\/div><\/div><div  class=\"x-feature-box center-text top-text cf\" style=\" max-width: none;\" data-x-element=\"feature_box\" data-x-params=\"{&quot;child&quot;:false,&quot;graphicAnimation&quot;:&quot;none&quot;,&quot;graphicAnimationOffset&quot;:&quot;50&quot;,&quot;graphicAnimationDelay&quot;:&quot;0&quot;}\" ><div class=\"x-feature-box-graphic rounded \"><div class=\"x-feature-box-graphic-outer rounded\" style=\"\"><div class=\"x-feature-box-graphic-inner rounded\" style=\"font-size: 200px;\"><img class=\"rounded\" src=\"https:\/\/www.deportivamente.com\/wordpress\/wp-content\/uploads\/2015\/04\/campa\u00f1a-socis-espanyol.jpg\" style=\"margin: 0 auto;\"><\/div><\/div><\/div><div class=\"x-feature-box-content \"><h4 class=\"x-feature-box-title\">Captaci\u00f3n<\/h4><p class=\"x-feature-box-text\">\u00bfEres de un club que quiere dise\u00f1ar una campa\u00f1a de captaci\u00f3n de nuevos abonados?<\/p><\/div><\/div><div  class=\"x-feature-box center-text top-text cf\" style=\" max-width: none;\" data-x-element=\"feature_box\" data-x-params=\"{&quot;child&quot;:false,&quot;graphicAnimation&quot;:&quot;none&quot;,&quot;graphicAnimationOffset&quot;:&quot;50&quot;,&quot;graphicAnimationDelay&quot;:&quot;0&quot;}\" ><div class=\"x-feature-box-graphic rounded \"><div class=\"x-feature-box-graphic-outer rounded\" style=\"\"><div class=\"x-feature-box-graphic-inner rounded\" style=\"font-size: 200px;\"><img class=\"rounded\" src=\"https:\/\/www.deportivamente.com\/wordpress\/wp-content\/uploads\/2015\/04\/campa\u00f1a-rexona.jpg\" style=\"margin: 0 auto;\"><\/div><\/div><\/div><div class=\"x-feature-box-content \"><h4 class=\"x-feature-box-title\">Investigaci\u00f3n<\/h4><p class=\"x-feature-box-text\">\u00bfEres de una empresa que quiere hacer un estudio de investigaci\u00f3n relacionado con el deporte; como \u201clos beneficios psicol\u00f3gicos del running\u201d para la marca Rexona?<\/p><\/div><\/div><div  class=\"x-feature-box center-text top-text cf\" style=\" max-width: none;\" data-x-element=\"feature_box\" data-x-params=\"{&quot;child&quot;:false,&quot;graphicAnimation&quot;:&quot;none&quot;,&quot;graphicAnimationOffset&quot;:&quot;50&quot;,&quot;graphicAnimationDelay&quot;:&quot;0&quot;}\" ><div class=\"x-feature-box-graphic rounded \"><div class=\"x-feature-box-graphic-outer rounded\" style=\"\"><div class=\"x-feature-box-graphic-inner rounded\" style=\"font-size: 200px;\"><img class=\"rounded\" src=\"https:\/\/www.deportivamente.com\/wordpress\/wp-content\/uploads\/2015\/02\/foto-web-31-e1428301123597.jpg\" style=\"margin: 0 auto;\"><\/div><\/div><\/div><div class=\"x-feature-box-content \"><h4 class=\"x-feature-box-title\">Art\u00edculos<\/h4><p class=\"x-feature-box-text\">\u00bfEres de una revista o peri\u00f3dico que necesita art\u00edculos de psicolog\u00eda del deporte?<\/p><\/div><\/div><div  class=\"x-feature-box center-text top-text cf\" style=\" max-width: none;\" data-x-element=\"feature_box\" data-x-params=\"{&quot;child&quot;:false,&quot;graphicAnimation&quot;:&quot;none&quot;,&quot;graphicAnimationOffset&quot;:&quot;50&quot;,&quot;graphicAnimationDelay&quot;:&quot;0&quot;}\" ><div class=\"x-feature-box-graphic rounded \"><div class=\"x-feature-box-graphic-outer rounded\" style=\"\"><div class=\"x-feature-box-graphic-inner rounded\" style=\"font-size: 200px;\"><img class=\"rounded\" src=\"https:\/\/www.deportivamente.com\/wordpress\/wp-content\/uploads\/2015\/03\/demandas-tenista-subiendo-a-la-red.jpg\" style=\"margin: 0 auto;\"><\/div><\/div><\/div><div class=\"x-feature-box-content \"><h4 class=\"x-feature-box-title\">Decisi\u00f3n<\/h4><p class=\"x-feature-box-text\">\u00bfEres un tenista que tiene problemas en la toma de decisiones a la hora de subir a la red?<\/p><\/div><\/div><\/div><\/div><div class=\"x-container\" style=\"margin: 50px auto 0px;padding: 0px; background-color:hsl(180, 100%, 77%);\"  ><div  class=\"x-column x-sm x-1-2\" style=\"padding: 0px 0px 0px 15%;\" ><div class=\"x-text\"  ><h2 class=\"h-custom-headline h2\">\u00bfD\u00f3nde estamos?<\/h2>\n<h6 id=\"direccion\">Calle Balmes 440<br \/>\nEntresuelo F<br \/>\nBarcelona<br \/>\nJunto al Club de tenis Barcino<\/h6>\n<\/div><div  class=\"x-btn-circle-wrap x-btn-global\" ><a class=\"x-btn x-btn-square x-btn-global\" href=\"https:\/\/www.deportivamente.com\/wordpress\/contacto\"     data-options=\"thumbnail: ''\">Contacta con nosotros<\/a><\/div><\/div><div  class=\"x-column x-sm x-1-2\" style=\"padding: 0px 15% 0px 0px;\" >\n<span class=\"e786-119 x-image\" >\n  <img alt=\"Plano localizaci\u00f3n deportivamente\" src=\"https:\/\/www.deportivamente.com\/wordpress\/wp-content\/uploads\/2020\/01\/WhatsApp-Image-2020-01-21-at-20.20.40.jpeg\" width=\"360\" height=\"203\" >\n<\/span>\n<\/div><\/div><\/div><\/div>\n","protected":false},"excerpt":{"rendered":"","protected":false},"author":1,"featured_media":0,"parent":0,"menu_order":0,"comment_status":"closed","ping_status":"closed","template":"template-blank-4.php","meta":[],"aioseo_notices":[],"_links":{"self":[{"href":"https:\/\/www.deportivamente.com\/wordpress\/wp-json\/wp\/v2\/pages\/786"}],"collection":[{"href":"https:\/\/www.deportivamente.com\/wordpress\/wp-json\/wp\/v2\/pages"}],"about":[{"href":"https:\/\/www.deportivamente.com\/wordpress\/wp-json\/wp\/v2\/types\/page"}],"author":[{"embeddable":true,"href":"https:\/\/www.deportivamente.com\/wordpress\/wp-json\/wp\/v2\/users\/1"}],"replies":[{"embeddable":true,"href":"https:\/\/www.deportivamente.com\/wordpress\/wp-json\/wp\/v2\/comments?post=786"}],"version-history":[{"count":99,"href":"https:\/\/www.deportivamente.com\/wordpress\/wp-json\/wp\/v2\/pages\/786\/revisions"}],"predecessor-version":[{"id":1185,"href":"https:\/\/www.deportivamente.com\/wordpress\/wp-json\/wp\/v2\/pages\/786\/revisions\/1185"}],"wp:attachment":[{"href":"https:\/\/www.deportivamente.com\/wordpress\/wp-json\/wp\/v2\/media?parent=786"}],"curies":[{"name":"wp","href":"https:\/\/api.w.org\/{rel}","templated":true}]}}